{"id":2502,"date":"2021-09-25T21:12:08","date_gmt":"2021-09-25T21:12:08","guid":{"rendered":"https:\/\/cofestival.si\/2023\/?page_id=2502"},"modified":"2023-12-13T13:31:48","modified_gmt":"2023-12-13T13:31:48","slug":"kolofon","status":"publish","type":"page","link":"https:\/\/cofestival.si\/2023\/kolofon\/","title":{"rendered":"Kolofon"},"content":{"rendered":"<strong>Umetni\u0161ki odbor:<\/strong> Dragana Alfirevi\u0107, Mitja Bravhar, Rok Vevar, Jasmina Zalo\u017enik<\/p>\n<p><strong>Produkcija:<\/strong> Dragana Alfirevi\u0107, Mitja Bravhar, Jasmina Zalo\u017enik<br \/>\n<strong>Organizacija:<\/strong> Dragana Alfirevi\u0107, Mitja Bravhar, Andreja Bol\u010dina, Jasmina Zalo\u017enik<br \/>\n<strong>Odnosi z javnostmi:<\/strong> Anja Pia Bi\u0161\u010dak, Ur\u0161ka Comino<br \/>\n<strong>Odnosi z ob\u010dinstvom:<\/strong> Ur\u0161ka Comino<br \/>\n<strong>Tehni\u010dni vodja:<\/strong> Matej Bobi\u010d<br \/>\n<strong>Pomo\u010d pri izvr\u0161ni produkciji:<\/strong> Mojca Pre\u0161ern Levstek, Almedina Me\u0161trovac, Petja Sonda, Julija Pe\u010dnikar<\/p>\n<p><strong>Urednik kataloga:<\/strong> Rok Vevar<br \/>\n<strong>Prevod materialov:<\/strong> Urban Belina<br \/>\n<strong>Lektura materialov v sloven\u0161\u010dini:<\/strong> Iztok Ilc<br \/>\n<strong>Lektura materialov v angle\u0161\u010dini:<\/strong> Jana Jevtovi\u0107<\/p>\n<p><strong>Dru\u017ebena Omre\u017eja:<\/strong> Dominika Ma\u0161a Kozar<br \/>\n<strong>Fotodokumentacija:<\/strong> Ur\u0161ka Boljkovac<br \/>\n<strong>Videodokumentacija:<\/strong> Mato Marin\u010dek<br \/>\n<strong>Oblikovanje:<\/strong> Lealudvik<br \/>\n<strong>Spletno programiranje in urednikovanje:<\/strong> Matic Lov\u0161in","protected":false},"excerpt":{"rendered":"<p>Umetni\u0161ki odbor: Dragana Alfirevi\u0107, Mitja Bravhar, Rok Vevar, Jasmina Zalo\u017enik Produkcija: Dragana Alfirevi\u0107, Mitja Bravhar, Jasmina Zalo\u017enik Organizacija: Dragana Alfirevi\u0107, Mitja Bravhar, Andreja Bol\u010dina, Jasmina Zalo\u017enik Odnosi z javnostmi: Anja Pia Bi\u0161\u010dak, Ur\u0161ka Comino Odnosi z ob\u010dinstvom: Ur\u0161ka Comino Tehni\u010dni vodja: Matej Bobi\u010d Pomo\u010d pri izvr\u0161ni produkciji: Mojca Pre\u0161ern Levstek, Almedina Me\u0161trovac, Petja Sonda, Julija [&hellip;]<\/p>\n","protected":false},"author":1,"featured_media":2448,"parent":0,"menu_order":0,"comment_status":"closed","ping_status":"closed","template":"","meta":{"footnotes":""},"class_list":["post-2502","page","type-page","status-publish","format-standard","has-post-thumbnail","hentry"],"_links":{"self":[{"href":"https:\/\/cofestival.si\/2023\/wp-json\/wp\/v2\/pages\/2502","targetHints":{"allow":["GET"]}}],"collection":[{"href":"https:\/\/cofestival.si\/2023\/wp-json\/wp\/v2\/pages"}],"about":[{"href":"https:\/\/cofestival.si\/2023\/wp-json\/wp\/v2\/types\/page"}],"author":[{"embeddable":true,"href":"https:\/\/cofestival.si\/2023\/wp-json\/wp\/v2\/users\/1"}],"replies":[{"embeddable":true,"href":"https:\/\/cofestival.si\/2023\/wp-json\/wp\/v2\/comments?post=2502"}],"version-history":[{"count":16,"href":"https:\/\/cofestival.si\/2023\/wp-json\/wp\/v2\/pages\/2502\/revisions"}],"predecessor-version":[{"id":4412,"href":"https:\/\/cofestival.si\/2023\/wp-json\/wp\/v2\/pages\/2502\/revisions\/4412"}],"wp:featuredmedia":[{"embeddable":true,"href":"https:\/\/cofestival.si\/2023\/wp-json\/wp\/v2\/media\/2448"}],"wp:attachment":[{"href":"https:\/\/cofestival.si\/2023\/wp-json\/wp\/v2\/media?parent=2502"}],"curies":[{"name":"wp","href":"https:\/\/api.w.org\/{rel}","templated":true}]}}