{"id":647,"date":"2021-06-21T08:57:09","date_gmt":"2021-06-21T08:57:09","guid":{"rendered":"https:\/\/products.wp-ts.com\/merito\/wp-dev\/?page_id=647"},"modified":"2023-10-18T16:43:07","modified_gmt":"2023-10-18T16:43:07","slug":"home-2","status":"publish","type":"page","link":"https:\/\/cofestival.si\/2022\/","title":{"rendered":"Home 2"},"content":{"rendered":"\t\t<div data-elementor-type=\"wp-page\" data-elementor-id=\"647\" class=\"elementor elementor-647\">\n\t\t\t\t\t\t<section class=\"elementor-section elementor-top-section elementor-element elementor-element-98ace67 elementor-section-full_width elementor-section-height-default elementor-section-height-default\" data-id=\"98ace67\" data-element_type=\"section\" data-e-type=\"section\">\n\t\t\t\t\t\t<div class=\"elementor-container elementor-column-gap-no\">\n\t\t\t\t\t<div class=\"elementor-column elementor-col-100 elementor-top-column elementor-element elementor-element-61abfa0\" data-id=\"61abfa0\" data-element_type=\"column\" data-e-type=\"column\">\n\t\t\t<div class=\"elementor-widget-wrap elementor-element-populated\">\n\t\t\t\t\t\t<div class=\"elementor-element elementor-element-d1ba914 elementor-widget elementor-widget-video\" data-id=\"d1ba914\" data-element_type=\"widget\" data-e-type=\"widget\" data-settings=\"{&quot;youtube_url&quot;:&quot;https:\\\/\\\/youtu.be\\\/dtUQ1znU6tA?si=kwjpUU1Ba_ClrUtH&quot;,&quot;autoplay&quot;:&quot;yes&quot;,&quot;mute&quot;:&quot;yes&quot;,&quot;video_type&quot;:&quot;youtube&quot;}\" data-widget_type=\"video.default\">\n\t\t\t\t<div class=\"elementor-widget-container\">\n\t\t\t\t\t\t\t<div class=\"elementor-wrapper elementor-open-inline\">\n\t\t\t<div class=\"elementor-video\"><\/div>\t\t<\/div>\n\t\t\t\t\t\t<\/div>\n\t\t\t\t<\/div>\n\t\t\t\t\t<\/div>\n\t\t<\/div>\n\t\t\t\t\t<\/div>\n\t\t<\/section>\n\t\t\t\t<section class=\"elementor-section elementor-top-section elementor-element elementor-element-a12896a elementor-section-boxed elementor-section-height-default elementor-section-height-default\" data-id=\"a12896a\" data-element_type=\"section\" data-e-type=\"section\">\n\t\t\t\t\t\t<div class=\"elementor-container elementor-column-gap-default\">\n\t\t\t\t\t<div class=\"elementor-column elementor-col-100 elementor-top-column elementor-element elementor-element-ac09bfb\" data-id=\"ac09bfb\" data-element_type=\"column\" data-e-type=\"column\">\n\t\t\t<div class=\"elementor-widget-wrap elementor-element-populated\">\n\t\t\t\t\t\t<div class=\"elementor-element elementor-element-cb835d8 elementor-widget elementor-widget-spacer\" data-id=\"cb835d8\" data-element_type=\"widget\" data-e-type=\"widget\" data-widget_type=\"spacer.default\">\n\t\t\t\t<div class=\"elementor-widget-container\">\n\t\t\t\t\t\t\t<div class=\"elementor-spacer\">\n\t\t\t<div class=\"elementor-spacer-inner\"><\/div>\n\t\t<\/div>\n\t\t\t\t\t\t<\/div>\n\t\t\t\t<\/div>\n\t\t\t\t\t<\/div>\n\t\t<\/div>\n\t\t\t\t\t<\/div>\n\t\t<\/section>\n\t\t\t\t<section class=\"elementor-section elementor-top-section elementor-element elementor-element-23057ba elementor-section-boxed elementor-section-height-default elementor-section-height-default\" data-id=\"23057ba\" data-element_type=\"section\" data-e-type=\"section\">\n\t\t\t\t\t\t<div class=\"elementor-container elementor-column-gap-default\">\n\t\t\t\t\t<div class=\"elementor-column elementor-col-100 elementor-top-column elementor-element elementor-element-2a92fc6\" data-id=\"2a92fc6\" data-element_type=\"column\" data-e-type=\"column\">\n\t\t\t<div class=\"elementor-widget-wrap elementor-element-populated\">\n\t\t\t\t\t\t<div class=\"elementor-element elementor-element-4bc37d8 elementor-grid-3 elementor-grid-tablet-2 elementor-grid-mobile-1 elementor-posts--thumbnail-top elementor-widget elementor-widget-posts\" data-id=\"4bc37d8\" data-element_type=\"widget\" data-e-type=\"widget\" data-settings=\"{&quot;classic_row_gap&quot;:{&quot;unit&quot;:&quot;px&quot;,&quot;size&quot;:48,&quot;sizes&quot;:[]},&quot;classic_columns&quot;:&quot;3&quot;,&quot;classic_columns_tablet&quot;:&quot;2&quot;,&quot;classic_columns_mobile&quot;:&quot;1&quot;,&quot;classic_row_gap_tablet&quot;:{&quot;unit&quot;:&quot;px&quot;,&quot;size&quot;:&quot;&quot;,&quot;sizes&quot;:[]},&quot;classic_row_gap_mobile&quot;:{&quot;unit&quot;:&quot;px&quot;,&quot;size&quot;:&quot;&quot;,&quot;sizes&quot;:[]}}\" data-widget_type=\"posts.classic\">\n\t\t\t\t<div class=\"elementor-widget-container\">\n\t\t\t\t\t\t\t<div class=\"elementor-posts-container elementor-posts elementor-posts--skin-classic elementor-grid\">\n\t\t\t\t<article class=\"elementor-post elementor-grid-item post-4091 post type-post status-publish format-standard has-post-thumbnail hentry category-cofestival\">\n\t\t\t\t<a class=\"elementor-post__thumbnail__link\" href=\"https:\/\/cofestival.si\/2022\/vabljeni-na-cofestival-2023\/\" >\n\t\t\t<div class=\"elementor-post__thumbnail\"><img decoding=\"async\" width=\"300\" height=\"150\" src=\"https:\/\/cofestival.si\/2022\/wp-content\/uploads\/sites\/17\/2023\/10\/WEB-CoF-300x150.jpg\" class=\"attachment-medium size-medium wp-image-4092\" alt=\"\" srcset=\"https:\/\/cofestival.si\/2022\/wp-content\/uploads\/sites\/17\/2023\/10\/WEB-CoF-300x150.jpg 300w, https:\/\/cofestival.si\/2022\/wp-content\/uploads\/sites\/17\/2023\/10\/WEB-CoF-1024x512.jpg 1024w, https:\/\/cofestival.si\/2022\/wp-content\/uploads\/sites\/17\/2023\/10\/WEB-CoF-768x384.jpg 768w, https:\/\/cofestival.si\/2022\/wp-content\/uploads\/sites\/17\/2023\/10\/WEB-CoF.jpg 1500w\" sizes=\"(max-width: 300px) 100vw, 300px\" \/><\/div>\n\t\t<\/a>\n\t\t\t\t<div class=\"elementor-post__text\">\n\t\t\t\t<h2 class=\"elementor-post__title\">\n\t\t\t<a href=\"https:\/\/cofestival.si\/2022\/vabljeni-na-cofestival-2023\/\" >\n\t\t\t\tVabljeni na CoFestival 2023!\t\t\t<\/a>\n\t\t<\/h2>\n\t\t\t\t<div class=\"elementor-post__excerpt\">\n\t\t\t<p>Program CoFestivala, mednarodnega festivala sodobnega plesa, se v letu 2023 osredoto\u010da na dvoje kuratorskih interesov. S prvim predstavlja izbor umetnikov in umetnic, ki so v<\/p>\n\t\t<\/div>\n\t\t\n\t\t<a class=\"elementor-post__read-more\" href=\"https:\/\/cofestival.si\/2022\/vabljeni-na-cofestival-2023\/\" >\n\t\t\t...\t\t<\/a>\n\n\t\t\t\t<\/div>\n\t\t\t\t<\/article>\n\t\t\t\t<article class=\"elementor-post elementor-grid-item post-4056 post type-post status-publish format-standard has-post-thumbnail hentry category-cofestival\">\n\t\t\t\t<a class=\"elementor-post__thumbnail__link\" href=\"https:\/\/cofestival.si\/2022\/save-the-date\/\" >\n\t\t\t<div class=\"elementor-post__thumbnail\"><img fetchpriority=\"high\" decoding=\"async\" width=\"300\" height=\"200\" src=\"https:\/\/cofestival.si\/2022\/wp-content\/uploads\/sites\/17\/2023\/09\/foto_-Pinelopi-Gerasimou-300x200.jpeg\" class=\"attachment-medium size-medium wp-image-4057\" alt=\"\" srcset=\"https:\/\/cofestival.si\/2022\/wp-content\/uploads\/sites\/17\/2023\/09\/foto_-Pinelopi-Gerasimou-300x200.jpeg 300w, https:\/\/cofestival.si\/2022\/wp-content\/uploads\/sites\/17\/2023\/09\/foto_-Pinelopi-Gerasimou-1024x683.jpeg 1024w, https:\/\/cofestival.si\/2022\/wp-content\/uploads\/sites\/17\/2023\/09\/foto_-Pinelopi-Gerasimou-768x512.jpeg 768w, https:\/\/cofestival.si\/2022\/wp-content\/uploads\/sites\/17\/2023\/09\/foto_-Pinelopi-Gerasimou-1536x1024.jpeg 1536w, https:\/\/cofestival.si\/2022\/wp-content\/uploads\/sites\/17\/2023\/09\/foto_-Pinelopi-Gerasimou.jpeg 1942w\" sizes=\"(max-width: 300px) 100vw, 300px\" \/><\/div>\n\t\t<\/a>\n\t\t\t\t<div class=\"elementor-post__text\">\n\t\t\t\t<h2 class=\"elementor-post__title\">\n\t\t\t<a href=\"https:\/\/cofestival.si\/2022\/save-the-date\/\" >\n\t\t\t\tRezervirajte naslednje datume: 23.\u201330. novembra 2023, prihaja CoFestival v Ljubljani\t\t\t<\/a>\n\t\t<\/h2>\n\t\t\t\t<div class=\"elementor-post__excerpt\">\n\t\t\t<p>Nova edicija mednarodnega festivala sodobnega plesa CoFestival bo potekala od\u00a023.\u00a0Do\u00a030.\u00a0novembra. Do za\u010detka festivala manjkajo \u0161e pribli\u017eno trije meseci, kljub temu pa \u017ee nestrpno pri\u010dakujemo prihajajo\u010do<\/p>\n\t\t<\/div>\n\t\t\n\t\t<a class=\"elementor-post__read-more\" href=\"https:\/\/cofestival.si\/2022\/save-the-date\/\" >\n\t\t\t...\t\t<\/a>\n\n\t\t\t\t<\/div>\n\t\t\t\t<\/article>\n\t\t\t\t<article class=\"elementor-post elementor-grid-item post-3937 post type-post status-publish format-standard has-post-thumbnail hentry category-cofestival\">\n\t\t\t\t<a class=\"elementor-post__thumbnail__link\" href=\"https:\/\/cofestival.si\/2022\/glas-ki-ga-besedilo-ne-more-slisati-adam-kinner\/\" >\n\t\t\t<div class=\"elementor-post__thumbnail\"><img decoding=\"async\" width=\"199\" height=\"300\" src=\"https:\/\/cofestival.si\/2022\/wp-content\/uploads\/sites\/17\/2022\/11\/image-1-1-199x300.png\" class=\"attachment-medium size-medium wp-image-3938\" alt=\"\" srcset=\"https:\/\/cofestival.si\/2022\/wp-content\/uploads\/sites\/17\/2022\/11\/image-1-1-199x300.png 199w, https:\/\/cofestival.si\/2022\/wp-content\/uploads\/sites\/17\/2022\/11\/image-1-1.png 662w\" sizes=\"(max-width: 199px) 100vw, 199px\" \/><\/div>\n\t\t<\/a>\n\t\t\t\t<div class=\"elementor-post__text\">\n\t\t\t\t<h2 class=\"elementor-post__title\">\n\t\t\t<a href=\"https:\/\/cofestival.si\/2022\/glas-ki-ga-besedilo-ne-more-slisati-adam-kinner\/\" >\n\t\t\t\tGlas, ki ga besedilo ne more sli\u0161ati &#8211; Adam Kinner\t\t\t<\/a>\n\t\t<\/h2>\n\t\t\t\t<div class=\"elementor-post__excerpt\">\n\t\t\t<p>Cofestival vabi na petdnevno delavnico \u201cGlas, ki ga besedilo ne more sli\u0161ati\u201d, ki jo vodi Adam Kinner (Kanada\/ZDA) \u201cGlas, ki ga besedilo ne more sli\u0161ati\u201d<\/p>\n\t\t<\/div>\n\t\t\n\t\t<a class=\"elementor-post__read-more\" href=\"https:\/\/cofestival.si\/2022\/glas-ki-ga-besedilo-ne-more-slisati-adam-kinner\/\" >\n\t\t\t...\t\t<\/a>\n\n\t\t\t\t<\/div>\n\t\t\t\t<\/article>\n\t\t\t\t<article class=\"elementor-post elementor-grid-item post-3802 post type-post status-publish format-standard has-post-thumbnail hentry category-cofestival\">\n\t\t\t\t<a class=\"elementor-post__thumbnail__link\" href=\"https:\/\/cofestival.si\/2022\/feministicne-poti-plesa\/\" >\n\t\t\t<div class=\"elementor-post__thumbnail\"><img loading=\"lazy\" decoding=\"async\" width=\"300\" height=\"198\" src=\"https:\/\/cofestival.si\/2022\/wp-content\/uploads\/sites\/17\/2022\/11\/image-9-300x198.jpg\" class=\"attachment-medium size-medium wp-image-3899\" alt=\"\" srcset=\"https:\/\/cofestival.si\/2022\/wp-content\/uploads\/sites\/17\/2022\/11\/image-9-300x198.jpg 300w, https:\/\/cofestival.si\/2022\/wp-content\/uploads\/sites\/17\/2022\/11\/image-9-1024x677.jpg 1024w, https:\/\/cofestival.si\/2022\/wp-content\/uploads\/sites\/17\/2022\/11\/image-9-768x508.jpg 768w, https:\/\/cofestival.si\/2022\/wp-content\/uploads\/sites\/17\/2022\/11\/image-9.jpg 1323w\" sizes=\"(max-width: 300px) 100vw, 300px\" \/><\/div>\n\t\t<\/a>\n\t\t\t\t<div class=\"elementor-post__text\">\n\t\t\t\t<h2 class=\"elementor-post__title\">\n\t\t\t<a href=\"https:\/\/cofestival.si\/2022\/feministicne-poti-plesa\/\" >\n\t\t\t\tFeministi\u010dne poti plesa\t\t\t<\/a>\n\t\t<\/h2>\n\t\t\t\t<div class=\"elementor-post__excerpt\">\n\t\t\t<p>Navdih za sklop raznorodnih dogodkov z naslovom Feministi\u010dne poti plesa smo na\u0161li v izjavi Franca Berardija Bifa, ki pravi, da je dru\u017ebena solidarnost nemogo\u010da med<\/p>\n\t\t<\/div>\n\t\t\n\t\t<a class=\"elementor-post__read-more\" href=\"https:\/\/cofestival.si\/2022\/feministicne-poti-plesa\/\" >\n\t\t\t...\t\t<\/a>\n\n\t\t\t\t<\/div>\n\t\t\t\t<\/article>\n\t\t\t\t<article class=\"elementor-post elementor-grid-item post-3807 post type-post status-publish format-standard has-post-thumbnail hentry category-cofestival\">\n\t\t\t\t<a class=\"elementor-post__thumbnail__link\" href=\"https:\/\/cofestival.si\/2022\/rok-vevar-po-urbanih-poteh-zgodovine-slovenskega-sodobnega-plesa-in-gledalisca-2022\/\" >\n\t\t\t<div class=\"elementor-post__thumbnail\"><img loading=\"lazy\" decoding=\"async\" width=\"300\" height=\"200\" src=\"https:\/\/cofestival.si\/2022\/wp-content\/uploads\/sites\/17\/2021\/09\/127710647_3609385342510396_1134009914778907214_n-300x200.jpeg\" class=\"attachment-medium size-medium wp-image-2454\" alt=\"\" srcset=\"https:\/\/cofestival.si\/2022\/wp-content\/uploads\/sites\/17\/2021\/09\/127710647_3609385342510396_1134009914778907214_n-300x200.jpeg 300w, https:\/\/cofestival.si\/2022\/wp-content\/uploads\/sites\/17\/2021\/09\/127710647_3609385342510396_1134009914778907214_n-768x512.jpeg 768w, https:\/\/cofestival.si\/2022\/wp-content\/uploads\/sites\/17\/2021\/09\/127710647_3609385342510396_1134009914778907214_n.jpeg 960w\" sizes=\"(max-width: 300px) 100vw, 300px\" \/><\/div>\n\t\t<\/a>\n\t\t\t\t<div class=\"elementor-post__text\">\n\t\t\t\t<h2 class=\"elementor-post__title\">\n\t\t\t<a href=\"https:\/\/cofestival.si\/2022\/rok-vevar-po-urbanih-poteh-zgodovine-slovenskega-sodobnega-plesa-in-gledalisca-2022\/\" >\n\t\t\t\tRok Vevar: Po urbanih poteh zgodovine slovenskega sodobnega plesa in gledali\u0161\u010da (2022)\t\t\t<\/a>\n\t\t<\/h2>\n\t\t\t\t<div class=\"elementor-post__excerpt\">\n\t\t\t<p>V zadnjih letih so se tudi v Sloveniji razmahnili ogledi prestolnice skozi vidike razli\u010dnih skupnosti ali kulturno-zgodovinskih poudarkov. Obiskovalci na dvournem pohodu spoznajo zgodbe, skrite<\/p>\n\t\t<\/div>\n\t\t\n\t\t<a class=\"elementor-post__read-more\" href=\"https:\/\/cofestival.si\/2022\/rok-vevar-po-urbanih-poteh-zgodovine-slovenskega-sodobnega-plesa-in-gledalisca-2022\/\" >\n\t\t\t...\t\t<\/a>\n\n\t\t\t\t<\/div>\n\t\t\t\t<\/article>\n\t\t\t\t<article class=\"elementor-post elementor-grid-item post-3810 post type-post status-publish format-standard has-post-thumbnail hentry category-cofestival\">\n\t\t\t\t<a class=\"elementor-post__thumbnail__link\" href=\"https:\/\/cofestival.si\/2022\/slovenski-gledaliski-zalozniki-na-cofestivalu\/\" >\n\t\t\t<div class=\"elementor-post__thumbnail\"><img loading=\"lazy\" decoding=\"async\" width=\"300\" height=\"200\" src=\"https:\/\/cofestival.si\/2022\/wp-content\/uploads\/sites\/17\/2021\/10\/Slovenski-gledalis\u030cki-zaloz\u030cniki_-Foto-Asiana-Jurca-Avci_3-1-300x200.jpg\" class=\"attachment-medium size-medium wp-image-3260\" alt=\"\" srcset=\"https:\/\/cofestival.si\/2022\/wp-content\/uploads\/sites\/17\/2021\/10\/Slovenski-gledalis\u030cki-zaloz\u030cniki_-Foto-Asiana-Jurca-Avci_3-1-300x200.jpg 300w, https:\/\/cofestival.si\/2022\/wp-content\/uploads\/sites\/17\/2021\/10\/Slovenski-gledalis\u030cki-zaloz\u030cniki_-Foto-Asiana-Jurca-Avci_3-1-1024x683.jpg 1024w, https:\/\/cofestival.si\/2022\/wp-content\/uploads\/sites\/17\/2021\/10\/Slovenski-gledalis\u030cki-zaloz\u030cniki_-Foto-Asiana-Jurca-Avci_3-1-768x512.jpg 768w, https:\/\/cofestival.si\/2022\/wp-content\/uploads\/sites\/17\/2021\/10\/Slovenski-gledalis\u030cki-zaloz\u030cniki_-Foto-Asiana-Jurca-Avci_3-1-1536x1024.jpg 1536w, https:\/\/cofestival.si\/2022\/wp-content\/uploads\/sites\/17\/2021\/10\/Slovenski-gledalis\u030cki-zaloz\u030cniki_-Foto-Asiana-Jurca-Avci_3-1.jpg 1800w\" sizes=\"(max-width: 300px) 100vw, 300px\" \/><\/div>\n\t\t<\/a>\n\t\t\t\t<div class=\"elementor-post__text\">\n\t\t\t\t<h2 class=\"elementor-post__title\">\n\t\t\t<a href=\"https:\/\/cofestival.si\/2022\/slovenski-gledaliski-zalozniki-na-cofestivalu\/\" >\n\t\t\t\tSlovenski gledali\u0161ki zalo\u017eniki na CoFestivalu\t\t\t<\/a>\n\t\t<\/h2>\n\t\t\t\t<div class=\"elementor-post__excerpt\">\n\t\t\t<p>Mre\u017ea Slovenski gledali\u0161ki zalo\u017eniki, v katero se vklju\u010dujejo Emanat, Knji\u017enica MGL, Maska Ljubljana in SLOGI, je bila vzpostavljena z namenom, da se pove\u017eejo slovenski zalo\u017eniki,<\/p>\n\t\t<\/div>\n\t\t\n\t\t<a class=\"elementor-post__read-more\" href=\"https:\/\/cofestival.si\/2022\/slovenski-gledaliski-zalozniki-na-cofestivalu\/\" >\n\t\t\t...\t\t<\/a>\n\n\t\t\t\t<\/div>\n\t\t\t\t<\/article>\n\t\t\t\t<article class=\"elementor-post elementor-grid-item post-3816 post type-post status-publish format-standard has-post-thumbnail hentry category-cofestival\">\n\t\t\t\t<a class=\"elementor-post__thumbnail__link\" href=\"https:\/\/cofestival.si\/2022\/grand-re-union-povezovanje-2022\/\" >\n\t\t\t<div class=\"elementor-post__thumbnail\"><img loading=\"lazy\" decoding=\"async\" width=\"300\" height=\"298\" src=\"https:\/\/cofestival.si\/2022\/wp-content\/uploads\/sites\/17\/2022\/11\/image-1-300x298.png\" class=\"attachment-medium size-medium wp-image-3867\" alt=\"\" srcset=\"https:\/\/cofestival.si\/2022\/wp-content\/uploads\/sites\/17\/2022\/11\/image-1-300x298.png 300w, https:\/\/cofestival.si\/2022\/wp-content\/uploads\/sites\/17\/2022\/11\/image-1-150x150.png 150w, https:\/\/cofestival.si\/2022\/wp-content\/uploads\/sites\/17\/2022\/11\/image-1-768x762.png 768w, https:\/\/cofestival.si\/2022\/wp-content\/uploads\/sites\/17\/2022\/11\/image-1.png 792w\" sizes=\"(max-width: 300px) 100vw, 300px\" \/><\/div>\n\t\t<\/a>\n\t\t\t\t<div class=\"elementor-post__text\">\n\t\t\t\t<h2 class=\"elementor-post__title\">\n\t\t\t<a href=\"https:\/\/cofestival.si\/2022\/grand-re-union-povezovanje-2022\/\" >\n\t\t\t\tGrand re Union: Povezovanje (2022)\t\t\t<\/a>\n\t\t<\/h2>\n\t\t\t\t<div class=\"elementor-post__excerpt\">\n\t\t\t<p>Projekt Grand re Union, ki je nastajal v letih 2020 in 2021, je v \u010dasu pandemije omogo\u010dal mednarodni plesni skupnosti medsebojno informiranje in v lu\u010di<\/p>\n\t\t<\/div>\n\t\t\n\t\t<a class=\"elementor-post__read-more\" href=\"https:\/\/cofestival.si\/2022\/grand-re-union-povezovanje-2022\/\" >\n\t\t\t...\t\t<\/a>\n\n\t\t\t\t<\/div>\n\t\t\t\t<\/article>\n\t\t\t\t<article class=\"elementor-post elementor-grid-item post-3820 post type-post status-publish format-standard has-post-thumbnail hentry category-cofestival\">\n\t\t\t\t<a class=\"elementor-post__thumbnail__link\" href=\"https:\/\/cofestival.si\/2022\/moritz-ostruschnjak-plesne-instrukcije-ne-bo-vecno-tako-2020\/\" >\n\t\t\t<div class=\"elementor-post__thumbnail\"><img loading=\"lazy\" decoding=\"async\" width=\"300\" height=\"200\" src=\"https:\/\/cofestival.si\/2022\/wp-content\/uploads\/sites\/17\/2022\/11\/image-300x200.jpg\" class=\"attachment-medium size-medium wp-image-3821\" alt=\"\" srcset=\"https:\/\/cofestival.si\/2022\/wp-content\/uploads\/sites\/17\/2022\/11\/image-300x200.jpg 300w, https:\/\/cofestival.si\/2022\/wp-content\/uploads\/sites\/17\/2022\/11\/image-768x513.jpg 768w, https:\/\/cofestival.si\/2022\/wp-content\/uploads\/sites\/17\/2022\/11\/image.jpg 956w\" sizes=\"(max-width: 300px) 100vw, 300px\" \/><\/div>\n\t\t<\/a>\n\t\t\t\t<div class=\"elementor-post__text\">\n\t\t\t\t<h2 class=\"elementor-post__title\">\n\t\t\t<a href=\"https:\/\/cofestival.si\/2022\/moritz-ostruschnjak-plesne-instrukcije-ne-bo-vecno-tako-2020\/\" >\n\t\t\t\tMoritz Ostruschnjak: Plesne in\u0161trukcije (Ne bo ve\u010dno tako) (2020)\u00a0\t\t\t<\/a>\n\t\t<\/h2>\n\t\t\t\t<div class=\"elementor-post__excerpt\">\n\t\t\t<p>Palimpsestni solo, ki ga plesalec Daniel Conant izvede v dveh \u00bbnon\u0161alantnih zamahih\u00ab, je \u0161print skozi enciklopedijo plesnega vitalizma. Ironi\u010dno delo o \u00bbplesu, ki ne la\u017ee\u00ab<\/p>\n\t\t<\/div>\n\t\t\n\t\t<a class=\"elementor-post__read-more\" href=\"https:\/\/cofestival.si\/2022\/moritz-ostruschnjak-plesne-instrukcije-ne-bo-vecno-tako-2020\/\" >\n\t\t\t...\t\t<\/a>\n\n\t\t\t\t<\/div>\n\t\t\t\t<\/article>\n\t\t\t\t<article class=\"elementor-post elementor-grid-item post-3823 post type-post status-publish format-standard has-post-thumbnail hentry category-cofestival\">\n\t\t\t\t<a class=\"elementor-post__thumbnail__link\" href=\"https:\/\/cofestival.si\/2022\/vazz-dj-set-dj-puno-kosta\/\" >\n\t\t\t<div class=\"elementor-post__thumbnail\"><img loading=\"lazy\" decoding=\"async\" width=\"300\" height=\"300\" src=\"https:\/\/cofestival.si\/2022\/wp-content\/uploads\/sites\/17\/2022\/11\/vazz-dj-set-300x300.jpg\" class=\"attachment-medium size-medium wp-image-3893\" alt=\"\" srcset=\"https:\/\/cofestival.si\/2022\/wp-content\/uploads\/sites\/17\/2022\/11\/vazz-dj-set-300x300.jpg 300w, https:\/\/cofestival.si\/2022\/wp-content\/uploads\/sites\/17\/2022\/11\/vazz-dj-set-150x150.jpg 150w, https:\/\/cofestival.si\/2022\/wp-content\/uploads\/sites\/17\/2022\/11\/vazz-dj-set.jpg 717w\" sizes=\"(max-width: 300px) 100vw, 300px\" \/><\/div>\n\t\t<\/a>\n\t\t\t\t<div class=\"elementor-post__text\">\n\t\t\t\t<h2 class=\"elementor-post__title\">\n\t\t\t<a href=\"https:\/\/cofestival.si\/2022\/vazz-dj-set-dj-puno-kosta\/\" >\n\t\t\t\tVAZZ DJ set, DJ Puno Ko\u0161ta\u00a0\t\t\t<\/a>\n\t\t<\/h2>\n\t\t\t\t<div class=\"elementor-post__excerpt\">\n\t\t\t<p>Petek, 25. november 2022, ob 21.00 Kino \u0160i\u0161ka, spodnje preddverje &nbsp; Vstop prost!<\/p>\n\t\t<\/div>\n\t\t\n\t\t<a class=\"elementor-post__read-more\" href=\"https:\/\/cofestival.si\/2022\/vazz-dj-set-dj-puno-kosta\/\" >\n\t\t\t...\t\t<\/a>\n\n\t\t\t\t<\/div>\n\t\t\t\t<\/article>\n\t\t\t\t<article class=\"elementor-post elementor-grid-item post-3826 post type-post status-publish format-standard has-post-thumbnail hentry category-cofestival\">\n\t\t\t\t<a class=\"elementor-post__thumbnail__link\" href=\"https:\/\/cofestival.si\/2022\/feministicne-poti-plesa-participatorna-igra\/\" >\n\t\t\t<div class=\"elementor-post__thumbnail\"><img loading=\"lazy\" decoding=\"async\" width=\"300\" height=\"200\" src=\"https:\/\/cofestival.si\/2022\/wp-content\/uploads\/sites\/17\/2022\/11\/image-8-300x200.jpg\" class=\"attachment-medium size-medium wp-image-3891\" alt=\"\" srcset=\"https:\/\/cofestival.si\/2022\/wp-content\/uploads\/sites\/17\/2022\/11\/image-8-300x200.jpg 300w, https:\/\/cofestival.si\/2022\/wp-content\/uploads\/sites\/17\/2022\/11\/image-8-1024x681.jpg 1024w, https:\/\/cofestival.si\/2022\/wp-content\/uploads\/sites\/17\/2022\/11\/image-8-768x511.jpg 768w, https:\/\/cofestival.si\/2022\/wp-content\/uploads\/sites\/17\/2022\/11\/image-8.jpg 1323w\" sizes=\"(max-width: 300px) 100vw, 300px\" \/><\/div>\n\t\t<\/a>\n\t\t\t\t<div class=\"elementor-post__text\">\n\t\t\t\t<h2 class=\"elementor-post__title\">\n\t\t\t<a href=\"https:\/\/cofestival.si\/2022\/feministicne-poti-plesa-participatorna-igra\/\" >\n\t\t\t\tFeministi\u010dne poti plesa &#8211; participatorni dogodek\t\t\t<\/a>\n\t\t<\/h2>\n\t\t\t\t<div class=\"elementor-post__excerpt\">\n\t\t\t<p>\u00bbFeministi\u010dne poti plesa\u00ab na igriv in odprt na\u010din vlagajo v tvorni odnos do lastne preteklosti in s tem razpirajo senzibilnost za lastni umetni\u0161ki in kulturni<\/p>\n\t\t<\/div>\n\t\t\n\t\t<a class=\"elementor-post__read-more\" href=\"https:\/\/cofestival.si\/2022\/feministicne-poti-plesa-participatorna-igra\/\" >\n\t\t\t...\t\t<\/a>\n\n\t\t\t\t<\/div>\n\t\t\t\t<\/article>\n\t\t\t\t<article class=\"elementor-post elementor-grid-item post-3829 post type-post status-publish format-standard has-post-thumbnail hentry category-cofestival\">\n\t\t\t\t<a class=\"elementor-post__thumbnail__link\" href=\"https:\/\/cofestival.si\/2022\/skart-dorde-balmazovic-odprta-beleznica-2022\/\" >\n\t\t\t<div class=\"elementor-post__thumbnail\"><img loading=\"lazy\" decoding=\"async\" width=\"300\" height=\"183\" src=\"https:\/\/cofestival.si\/2022\/wp-content\/uploads\/sites\/17\/2022\/11\/image-5-300x183.png\" class=\"attachment-medium size-medium wp-image-3892\" alt=\"\" srcset=\"https:\/\/cofestival.si\/2022\/wp-content\/uploads\/sites\/17\/2022\/11\/image-5-300x183.png 300w, https:\/\/cofestival.si\/2022\/wp-content\/uploads\/sites\/17\/2022\/11\/image-5.png 693w\" sizes=\"(max-width: 300px) 100vw, 300px\" \/><\/div>\n\t\t<\/a>\n\t\t\t\t<div class=\"elementor-post__text\">\n\t\t\t\t<h2 class=\"elementor-post__title\">\n\t\t\t<a href=\"https:\/\/cofestival.si\/2022\/skart-dorde-balmazovic-odprta-beleznica-2022\/\" >\n\t\t\t\t\u0160kart (\u0110or\u0111e Balmazovi\u0107): Odprta bele\u017enica (2022)\t\t\t<\/a>\n\t\t<\/h2>\n\t\t\t\t<div class=\"elementor-post__excerpt\">\n\t\t\t<p>Razstavo Odprta bele\u017enica sestavljajo risbe, nastale v procesu opazovanja procesa projekta Srebrno zlato, medgeneracijskega plesno-koreografskega kolektiva. Gradiva so del postopkovnega dela in so likovni odziv<\/p>\n\t\t<\/div>\n\t\t\n\t\t<a class=\"elementor-post__read-more\" href=\"https:\/\/cofestival.si\/2022\/skart-dorde-balmazovic-odprta-beleznica-2022\/\" >\n\t\t\t...\t\t<\/a>\n\n\t\t\t\t<\/div>\n\t\t\t\t<\/article>\n\t\t\t\t<article class=\"elementor-post elementor-grid-item post-3831 post type-post status-publish format-standard has-post-thumbnail hentry category-cofestival\">\n\t\t\t\t<a class=\"elementor-post__thumbnail__link\" href=\"https:\/\/cofestival.si\/2022\/adam-kinner-izbrani-nacini-govora-2022\/\" >\n\t\t\t<div class=\"elementor-post__thumbnail\"><img loading=\"lazy\" decoding=\"async\" width=\"300\" height=\"180\" src=\"https:\/\/cofestival.si\/2022\/wp-content\/uploads\/sites\/17\/2022\/11\/image-7-300x180.jpg\" class=\"attachment-medium size-medium wp-image-3866\" alt=\"\" srcset=\"https:\/\/cofestival.si\/2022\/wp-content\/uploads\/sites\/17\/2022\/11\/image-7-300x180.jpg 300w, https:\/\/cofestival.si\/2022\/wp-content\/uploads\/sites\/17\/2022\/11\/image-7-1024x614.jpg 1024w, https:\/\/cofestival.si\/2022\/wp-content\/uploads\/sites\/17\/2022\/11\/image-7-768x460.jpg 768w, https:\/\/cofestival.si\/2022\/wp-content\/uploads\/sites\/17\/2022\/11\/image-7.jpg 1161w\" sizes=\"(max-width: 300px) 100vw, 300px\" \/><\/div>\n\t\t<\/a>\n\t\t\t\t<div class=\"elementor-post__text\">\n\t\t\t\t<h2 class=\"elementor-post__title\">\n\t\t\t<a href=\"https:\/\/cofestival.si\/2022\/adam-kinner-izbrani-nacini-govora-2022\/\" >\n\t\t\t\tAdam Kinner: Izbrani na\u010dini govora (2022)\t\t\t<\/a>\n\t\t<\/h2>\n\t\t\t\t<div class=\"elementor-post__excerpt\">\n\t\t\t<p>Ameri\u0161ko-kanadski koreograf in glasbenik Adam Kinner bo z ob\u010dinstvom delil vidike svojega dela, ki povezujejo prakso performansa in koreografije ter jih obogatil s \u0161tudijami zvoka<\/p>\n\t\t<\/div>\n\t\t\n\t\t<a class=\"elementor-post__read-more\" href=\"https:\/\/cofestival.si\/2022\/adam-kinner-izbrani-nacini-govora-2022\/\" >\n\t\t\t...\t\t<\/a>\n\n\t\t\t\t<\/div>\n\t\t\t\t<\/article>\n\t\t\t\t<article class=\"elementor-post elementor-grid-item post-3833 post type-post status-publish format-standard has-post-thumbnail hentry category-cofestival\">\n\t\t\t\t<a class=\"elementor-post__thumbnail__link\" href=\"https:\/\/cofestival.si\/2022\/barbara-matijevic-in-giuseppe-chico-zaslonajstniki-ii-2022\/\" >\n\t\t\t<div class=\"elementor-post__thumbnail\"><img loading=\"lazy\" decoding=\"async\" width=\"300\" height=\"200\" src=\"https:\/\/cofestival.si\/2022\/wp-content\/uploads\/sites\/17\/2022\/11\/screangers-300x200.jpg\" class=\"attachment-medium size-medium wp-image-3834\" alt=\"\" srcset=\"https:\/\/cofestival.si\/2022\/wp-content\/uploads\/sites\/17\/2022\/11\/screangers-300x200.jpg 300w, https:\/\/cofestival.si\/2022\/wp-content\/uploads\/sites\/17\/2022\/11\/screangers-768x513.jpg 768w, https:\/\/cofestival.si\/2022\/wp-content\/uploads\/sites\/17\/2022\/11\/screangers.jpg 916w\" sizes=\"(max-width: 300px) 100vw, 300px\" \/><\/div>\n\t\t<\/a>\n\t\t\t\t<div class=\"elementor-post__text\">\n\t\t\t\t<h2 class=\"elementor-post__title\">\n\t\t\t<a href=\"https:\/\/cofestival.si\/2022\/barbara-matijevic-in-giuseppe-chico-zaslonajstniki-ii-2022\/\" >\n\t\t\t\tBarbara Matijevi\u0107 in Giuseppe Chico: Zaslonajstniki II.(2022)\t\t\t<\/a>\n\t\t<\/h2>\n\t\t\t\t<div class=\"elementor-post__excerpt\">\n\t\t\t<p>Avtorja, ki sta na CoFestivalu 2017 ob\u010dinstvo navdu\u0161ila z duetom za plesalko in zaslon Zlivanje, se v DIY muzikalu Zaslonajstniki II. ukvarjata s protislovnimi razmerji<\/p>\n\t\t<\/div>\n\t\t\n\t\t<a class=\"elementor-post__read-more\" href=\"https:\/\/cofestival.si\/2022\/barbara-matijevic-in-giuseppe-chico-zaslonajstniki-ii-2022\/\" >\n\t\t\t...\t\t<\/a>\n\n\t\t\t\t<\/div>\n\t\t\t\t<\/article>\n\t\t\t\t<article class=\"elementor-post elementor-grid-item post-3841 post type-post status-publish format-standard has-post-thumbnail hentry category-cofestival\">\n\t\t\t\t<a class=\"elementor-post__thumbnail__link\" href=\"https:\/\/cofestival.si\/2022\/yuske-taninaka-galop-2022\/\" >\n\t\t\t<div class=\"elementor-post__thumbnail\"><img loading=\"lazy\" decoding=\"async\" width=\"300\" height=\"198\" src=\"https:\/\/cofestival.si\/2022\/wp-content\/uploads\/sites\/17\/2022\/11\/signal-2022-11-03-205048_002-300x198.jpeg\" class=\"attachment-medium size-medium wp-image-3839\" alt=\"\" srcset=\"https:\/\/cofestival.si\/2022\/wp-content\/uploads\/sites\/17\/2022\/11\/signal-2022-11-03-205048_002-300x198.jpeg 300w, https:\/\/cofestival.si\/2022\/wp-content\/uploads\/sites\/17\/2022\/11\/signal-2022-11-03-205048_002-768x508.jpeg 768w, https:\/\/cofestival.si\/2022\/wp-content\/uploads\/sites\/17\/2022\/11\/signal-2022-11-03-205048_002.jpeg 918w\" sizes=\"(max-width: 300px) 100vw, 300px\" \/><\/div>\n\t\t<\/a>\n\t\t\t\t<div class=\"elementor-post__text\">\n\t\t\t\t<h2 class=\"elementor-post__title\">\n\t\t\t<a href=\"https:\/\/cofestival.si\/2022\/yuske-taninaka-galop-2022\/\" >\n\t\t\t\tYuske Taninaka: Galop (2022)\t\t\t<\/a>\n\t\t<\/h2>\n\t\t\t\t<div class=\"elementor-post__excerpt\">\n\t\t\t<p>Mladi japonski umetnik Yuske Taninaka s solom Galop vstopa v mednarodni prostor kot temeljit raziskovalec, pronicljiv analitik in luciden ustvarjalec. Umetnik biometri\u010dna orodja, ki jih<\/p>\n\t\t<\/div>\n\t\t\n\t\t<a class=\"elementor-post__read-more\" href=\"https:\/\/cofestival.si\/2022\/yuske-taninaka-galop-2022\/\" >\n\t\t\t...\t\t<\/a>\n\n\t\t\t\t<\/div>\n\t\t\t\t<\/article>\n\t\t\t\t<article class=\"elementor-post elementor-grid-item post-3843 post type-post status-publish format-standard has-post-thumbnail hentry category-cofestival\">\n\t\t\t\t<a class=\"elementor-post__thumbnail__link\" href=\"https:\/\/cofestival.si\/2022\/michiel-vandevelde-goldbergove-variacije-2020\/\" >\n\t\t\t<div class=\"elementor-post__thumbnail\"><img loading=\"lazy\" decoding=\"async\" width=\"300\" height=\"196\" src=\"https:\/\/cofestival.si\/2022\/wp-content\/uploads\/sites\/17\/2022\/11\/image-10-300x196.jpg\" class=\"attachment-medium size-medium wp-image-3901\" alt=\"\" srcset=\"https:\/\/cofestival.si\/2022\/wp-content\/uploads\/sites\/17\/2022\/11\/image-10-300x196.jpg 300w, https:\/\/cofestival.si\/2022\/wp-content\/uploads\/sites\/17\/2022\/11\/image-10-1024x670.jpg 1024w, https:\/\/cofestival.si\/2022\/wp-content\/uploads\/sites\/17\/2022\/11\/image-10-768x502.jpg 768w, https:\/\/cofestival.si\/2022\/wp-content\/uploads\/sites\/17\/2022\/11\/image-10.jpg 1332w\" sizes=\"(max-width: 300px) 100vw, 300px\" \/><\/div>\n\t\t<\/a>\n\t\t\t\t<div class=\"elementor-post__text\">\n\t\t\t\t<h2 class=\"elementor-post__title\">\n\t\t\t<a href=\"https:\/\/cofestival.si\/2022\/michiel-vandevelde-goldbergove-variacije-2020\/\" >\n\t\t\t\tMichiel Vandevelde\/Philippe Thuriot\/Platform-K: Goldbergove variacije (2020)\t\t\t<\/a>\n\t\t<\/h2>\n\t\t\t\t<div class=\"elementor-post__excerpt\">\n\t\t\t<p>Za plesalca in koreografa Michiela Vandeveldeja, ki smo ga leta 2019 na CoFestivalu gostili s predstavo Konci svetov, je plesni \u010das, njegova negotova prihodnost in<\/p>\n\t\t<\/div>\n\t\t\n\t\t<a class=\"elementor-post__read-more\" href=\"https:\/\/cofestival.si\/2022\/michiel-vandevelde-goldbergove-variacije-2020\/\" >\n\t\t\t...\t\t<\/a>\n\n\t\t\t\t<\/div>\n\t\t\t\t<\/article>\n\t\t\t\t<article class=\"elementor-post elementor-grid-item post-3847 post type-post status-publish format-standard has-post-thumbnail hentry category-cofestival\">\n\t\t\t\t<a class=\"elementor-post__thumbnail__link\" href=\"https:\/\/cofestival.si\/2022\/aleksandar-georgiev-skrinsejver-2020\/\" >\n\t\t\t<div class=\"elementor-post__thumbnail\"><img loading=\"lazy\" decoding=\"async\" width=\"300\" height=\"198\" src=\"https:\/\/cofestival.si\/2022\/wp-content\/uploads\/sites\/17\/2022\/11\/image-3-300x198.jpg\" class=\"attachment-medium size-medium wp-image-3848\" alt=\"\" srcset=\"https:\/\/cofestival.si\/2022\/wp-content\/uploads\/sites\/17\/2022\/11\/image-3-300x198.jpg 300w, https:\/\/cofestival.si\/2022\/wp-content\/uploads\/sites\/17\/2022\/11\/image-3-1024x676.jpg 1024w, https:\/\/cofestival.si\/2022\/wp-content\/uploads\/sites\/17\/2022\/11\/image-3-768x507.jpg 768w, https:\/\/cofestival.si\/2022\/wp-content\/uploads\/sites\/17\/2022\/11\/image-3.jpg 1323w\" sizes=\"(max-width: 300px) 100vw, 300px\" \/><\/div>\n\t\t<\/a>\n\t\t\t\t<div class=\"elementor-post__text\">\n\t\t\t\t<h2 class=\"elementor-post__title\">\n\t\t\t<a href=\"https:\/\/cofestival.si\/2022\/aleksandar-georgiev-skrinsejver-2020\/\" >\n\t\t\t\tAleksandar Georgiev: Skrinsejver (2020)\t\t\t<\/a>\n\t\t<\/h2>\n\t\t\t\t<div class=\"elementor-post__excerpt\">\n\t\t\t<p>Koreografija ustvari plesno retori\u010dno obmo\u010dje, v katerem se koreografske oblike ali postopkovni obrazci iz novej\u0161e plesne zgodovine podru\u017eijo v meditativnem podobju izklopljenih ra\u010dunalni\u0161kih zaslonov, kjer<\/p>\n\t\t<\/div>\n\t\t\n\t\t<a class=\"elementor-post__read-more\" href=\"https:\/\/cofestival.si\/2022\/aleksandar-georgiev-skrinsejver-2020\/\" >\n\t\t\t...\t\t<\/a>\n\n\t\t\t\t<\/div>\n\t\t\t\t<\/article>\n\t\t\t\t<article class=\"elementor-post elementor-grid-item post-3850 post type-post status-publish format-standard has-post-thumbnail hentry category-cofestival\">\n\t\t\t\t<a class=\"elementor-post__thumbnail__link\" href=\"https:\/\/cofestival.si\/2022\/vera-ondrasikova-in-kolektiv-prica-2021\/\" >\n\t\t\t<div class=\"elementor-post__thumbnail\"><img loading=\"lazy\" decoding=\"async\" width=\"300\" height=\"193\" src=\"https:\/\/cofestival.si\/2022\/wp-content\/uploads\/sites\/17\/2022\/11\/image-4-300x193.jpg\" class=\"attachment-medium size-medium wp-image-3851\" alt=\"\" srcset=\"https:\/\/cofestival.si\/2022\/wp-content\/uploads\/sites\/17\/2022\/11\/image-4-300x193.jpg 300w, https:\/\/cofestival.si\/2022\/wp-content\/uploads\/sites\/17\/2022\/11\/image-4-1024x659.jpg 1024w, https:\/\/cofestival.si\/2022\/wp-content\/uploads\/sites\/17\/2022\/11\/image-4-768x494.jpg 768w, https:\/\/cofestival.si\/2022\/wp-content\/uploads\/sites\/17\/2022\/11\/image-4.jpg 1374w\" sizes=\"(max-width: 300px) 100vw, 300px\" \/><\/div>\n\t\t<\/a>\n\t\t\t\t<div class=\"elementor-post__text\">\n\t\t\t\t<h2 class=\"elementor-post__title\">\n\t\t\t<a href=\"https:\/\/cofestival.si\/2022\/vera-ondrasikova-in-kolektiv-prica-2021\/\" >\n\t\t\t\tV\u011bra Ondra\u0161\u00edkov\u00e1 in Kolektiv: Pri\u010da (2021)\t\t\t<\/a>\n\t\t<\/h2>\n\t\t\t\t<div class=\"elementor-post__excerpt\">\n\t\t\t<p>V gledali\u0161\u010du dvajsetega stoletja bi si te\u017eko zamislili bolj ikoni\u010den prostor, kot je golo drevo Beckettovega Godota. Pri\u010do \u010dasa, njegovih premen in porazov. Koreografinja in<\/p>\n\t\t<\/div>\n\t\t\n\t\t<a class=\"elementor-post__read-more\" href=\"https:\/\/cofestival.si\/2022\/vera-ondrasikova-in-kolektiv-prica-2021\/\" >\n\t\t\t...\t\t<\/a>\n\n\t\t\t\t<\/div>\n\t\t\t\t<\/article>\n\t\t\t\t<article class=\"elementor-post elementor-grid-item post-3853 post type-post status-publish format-standard has-post-thumbnail hentry category-cofestival\">\n\t\t\t\t<a class=\"elementor-post__thumbnail__link\" href=\"https:\/\/cofestival.si\/2022\/magdalena-reiter-in-mateja-rebolj-preludiji-in-fuge-2022\/\" >\n\t\t\t<div class=\"elementor-post__thumbnail\"><img loading=\"lazy\" decoding=\"async\" width=\"300\" height=\"175\" src=\"https:\/\/cofestival.si\/2022\/wp-content\/uploads\/sites\/17\/2022\/11\/image-5-300x175.jpg\" class=\"attachment-medium size-medium wp-image-3854\" alt=\"\" srcset=\"https:\/\/cofestival.si\/2022\/wp-content\/uploads\/sites\/17\/2022\/11\/image-5-300x175.jpg 300w, https:\/\/cofestival.si\/2022\/wp-content\/uploads\/sites\/17\/2022\/11\/image-5-1024x598.jpg 1024w, https:\/\/cofestival.si\/2022\/wp-content\/uploads\/sites\/17\/2022\/11\/image-5-768x449.jpg 768w, https:\/\/cofestival.si\/2022\/wp-content\/uploads\/sites\/17\/2022\/11\/image-5.jpg 1203w\" sizes=\"(max-width: 300px) 100vw, 300px\" \/><\/div>\n\t\t<\/a>\n\t\t\t\t<div class=\"elementor-post__text\">\n\t\t\t\t<h2 class=\"elementor-post__title\">\n\t\t\t<a href=\"https:\/\/cofestival.si\/2022\/magdalena-reiter-in-mateja-rebolj-preludiji-in-fuge-2022\/\" >\n\t\t\t\tMagdalena Reiter in Mateja Rebolj: Preludiji in fuge (2022)\u00a0\t\t\t<\/a>\n\t\t<\/h2>\n\t\t\t\t<div class=\"elementor-post__excerpt\">\n\t\t\t<p>Leta 2003 sta Magdalena Reiter in Mateja Rebolj ustvarili izvrstno medgeneracijsko plesno soo\u010denje Forma Interrogativa. Po dvajsetih letih se njuno drugo sodelovanje v Preludijih in<\/p>\n\t\t<\/div>\n\t\t\n\t\t<a class=\"elementor-post__read-more\" href=\"https:\/\/cofestival.si\/2022\/magdalena-reiter-in-mateja-rebolj-preludiji-in-fuge-2022\/\" >\n\t\t\t...\t\t<\/a>\n\n\t\t\t\t<\/div>\n\t\t\t\t<\/article>\n\t\t\t\t<article class=\"elementor-post elementor-grid-item post-3857 post type-post status-publish format-standard has-post-thumbnail hentry category-cofestival\">\n\t\t\t\t<a class=\"elementor-post__thumbnail__link\" href=\"https:\/\/cofestival.si\/2022\/mala-kline-venera-med-ujetostjo-in-letenjem-2022\/\" >\n\t\t\t<div class=\"elementor-post__thumbnail\"><img loading=\"lazy\" decoding=\"async\" width=\"300\" height=\"185\" src=\"https:\/\/cofestival.si\/2022\/wp-content\/uploads\/sites\/17\/2022\/11\/image-11-300x185.jpg\" class=\"attachment-medium size-medium wp-image-4014\" alt=\"\" srcset=\"https:\/\/cofestival.si\/2022\/wp-content\/uploads\/sites\/17\/2022\/11\/image-11-300x185.jpg 300w, https:\/\/cofestival.si\/2022\/wp-content\/uploads\/sites\/17\/2022\/11\/image-11.jpg 611w\" sizes=\"(max-width: 300px) 100vw, 300px\" \/><\/div>\n\t\t<\/a>\n\t\t\t\t<div class=\"elementor-post__text\">\n\t\t\t\t<h2 class=\"elementor-post__title\">\n\t\t\t<a href=\"https:\/\/cofestival.si\/2022\/mala-kline-venera-med-ujetostjo-in-letenjem-2022\/\" >\n\t\t\t\tMala Kline: Venera: med ujetostjo in letenjem (2022)\u00a0\t\t\t<\/a>\n\t\t<\/h2>\n\t\t\t\t<div class=\"elementor-post__excerpt\">\n\t\t\t<p>Multimedijska predstava Venera: med ujetostjo in letenjem deluje kot sinteza umetni\u010dinega plesnega ustvarjanja zadnjih let. Botticellijeva slika Rojstvo Venere umetnici predstavlja stvariteljski rez med nebom<\/p>\n\t\t<\/div>\n\t\t\n\t\t<a class=\"elementor-post__read-more\" href=\"https:\/\/cofestival.si\/2022\/mala-kline-venera-med-ujetostjo-in-letenjem-2022\/\" >\n\t\t\t...\t\t<\/a>\n\n\t\t\t\t<\/div>\n\t\t\t\t<\/article>\n\t\t\t\t<article class=\"elementor-post elementor-grid-item post-3859 post type-post status-publish format-standard has-post-thumbnail hentry category-cofestival\">\n\t\t\t\t<a class=\"elementor-post__thumbnail__link\" href=\"https:\/\/cofestival.si\/2022\/alma-soderberg-s-cullberg-noche-2022\/\" >\n\t\t\t<div class=\"elementor-post__thumbnail\"><img loading=\"lazy\" decoding=\"async\" width=\"300\" height=\"199\" src=\"https:\/\/cofestival.si\/2022\/wp-content\/uploads\/sites\/17\/2022\/11\/image-6-300x199.jpg\" class=\"attachment-medium size-medium wp-image-3860\" alt=\"\" srcset=\"https:\/\/cofestival.si\/2022\/wp-content\/uploads\/sites\/17\/2022\/11\/image-6-300x199.jpg 300w, https:\/\/cofestival.si\/2022\/wp-content\/uploads\/sites\/17\/2022\/11\/image-6-1024x680.jpg 1024w, https:\/\/cofestival.si\/2022\/wp-content\/uploads\/sites\/17\/2022\/11\/image-6-768x510.jpg 768w, https:\/\/cofestival.si\/2022\/wp-content\/uploads\/sites\/17\/2022\/11\/image-6.jpg 1191w\" sizes=\"(max-width: 300px) 100vw, 300px\" \/><\/div>\n\t\t<\/a>\n\t\t\t\t<div class=\"elementor-post__text\">\n\t\t\t\t<h2 class=\"elementor-post__title\">\n\t\t\t<a href=\"https:\/\/cofestival.si\/2022\/alma-soderberg-s-cullberg-noche-2022\/\" >\n\t\t\t\tAlma S\u00f6derberg s Cullberg: Noche (2022)\u00a0\t\t\t<\/a>\n\t\t<\/h2>\n\t\t\t\t<div class=\"elementor-post__excerpt\">\n\t\t\t<p>Almo S\u00f6derberg so od njenih umetni\u0161kih za\u010detkov gostili festivali NagiB, Mladi levi in Plesna Vesna, spada pa med najvidnej\u0161e predstavnike evropske koreovokalistike. Predstava Noche je<\/p>\n\t\t<\/div>\n\t\t\n\t\t<a class=\"elementor-post__read-more\" href=\"https:\/\/cofestival.si\/2022\/alma-soderberg-s-cullberg-noche-2022\/\" >\n\t\t\t...\t\t<\/a>\n\n\t\t\t\t<\/div>\n\t\t\t\t<\/article>\n\t\t\t\t<article class=\"elementor-post elementor-grid-item post-4017 post type-post status-publish format-standard has-post-thumbnail hentry category-cofestival\">\n\t\t\t\t<a class=\"elementor-post__thumbnail__link\" href=\"https:\/\/cofestival.si\/2022\/beno-novak-elvis-homan-in-bostjan-simon-vstajenje-2-0-2021\/\" >\n\t\t\t<div class=\"elementor-post__thumbnail\"><img loading=\"lazy\" decoding=\"async\" width=\"300\" height=\"200\" src=\"https:\/\/cofestival.si\/2022\/wp-content\/uploads\/sites\/17\/2022\/11\/image-12-300x200.jpg\" class=\"attachment-medium size-medium wp-image-4019\" alt=\"\" srcset=\"https:\/\/cofestival.si\/2022\/wp-content\/uploads\/sites\/17\/2022\/11\/image-12-300x200.jpg 300w, https:\/\/cofestival.si\/2022\/wp-content\/uploads\/sites\/17\/2022\/11\/image-12-768x511.jpg 768w, https:\/\/cofestival.si\/2022\/wp-content\/uploads\/sites\/17\/2022\/11\/image-12.jpg 995w\" sizes=\"(max-width: 300px) 100vw, 300px\" \/><\/div>\n\t\t<\/a>\n\t\t\t\t<div class=\"elementor-post__text\">\n\t\t\t\t<h2 class=\"elementor-post__title\">\n\t\t\t<a href=\"https:\/\/cofestival.si\/2022\/beno-novak-elvis-homan-in-bostjan-simon-vstajenje-2-0-2021\/\" >\n\t\t\t\tBeno Novak, Elvis Homan in Bo\u0161tjan Simon: Vstajenje 2.0 (2021)\t\t\t<\/a>\n\t\t<\/h2>\n\t\t\t\t<div class=\"elementor-post__excerpt\">\n\t\t\t<p>Beno Novak, predstavnik mlaj\u0161e generacije plesnih umetnikov, izstopa po izjemni fizikalnosti in specifi\u010dni telesnosti, ki nagovarjata tako pogled publike kot njeno telo. Z glasbenikoma\u00a0Bo\u0161tjanom Simonom<\/p>\n\t\t<\/div>\n\t\t\n\t\t<a class=\"elementor-post__read-more\" href=\"https:\/\/cofestival.si\/2022\/beno-novak-elvis-homan-in-bostjan-simon-vstajenje-2-0-2021\/\" >\n\t\t\t...\t\t<\/a>\n\n\t\t\t\t<\/div>\n\t\t\t\t<\/article>\n\t\t\t\t<\/div>\n\n\n\t\t\n\t\t\t\t\t\t<\/div>\n\t\t\t\t<\/div>\n\t\t\t\t\t<\/div>\n\t\t<\/div>\n\t\t\t\t\t<\/div>\n\t\t<\/section>\n\t\t\t\t<\/div>\n\t\t","protected":false},"excerpt":{"rendered":"","protected":false},"author":1,"featured_media":0,"parent":0,"menu_order":0,"comment_status":"closed","ping_status":"closed","template":"page-templates\/metiro-elementor.php","meta":{"footnotes":""},"class_list":["post-647","page","type-page","status-publish","format-standard","hentry"],"_links":{"self":[{"href":"https:\/\/cofestival.si\/2022\/wp-json\/wp\/v2\/pages\/647","targetHints":{"allow":["GET"]}}],"collection":[{"href":"https:\/\/cofestival.si\/2022\/wp-json\/wp\/v2\/pages"}],"about":[{"href":"https:\/\/cofestival.si\/2022\/wp-json\/wp\/v2\/types\/page"}],"author":[{"embeddable":true,"href":"https:\/\/cofestival.si\/2022\/wp-json\/wp\/v2\/users\/1"}],"replies":[{"embeddable":true,"href":"https:\/\/cofestival.si\/2022\/wp-json\/wp\/v2\/comments?post=647"}],"version-history":[{"count":274,"href":"https:\/\/cofestival.si\/2022\/wp-json\/wp\/v2\/pages\/647\/revisions"}],"predecessor-version":[{"id":4096,"href":"https:\/\/cofestival.si\/2022\/wp-json\/wp\/v2\/pages\/647\/revisions\/4096"}],"wp:attachment":[{"href":"https:\/\/cofestival.si\/2022\/wp-json\/wp\/v2\/media?parent=647"}],"curies":[{"name":"wp","href":"https:\/\/api.w.org\/{rel}","templated":true}]}}