{"id":647,"date":"2021-06-21T08:57:09","date_gmt":"2021-06-21T08:57:09","guid":{"rendered":"https:\/\/products.wp-ts.com\/merito\/wp-dev\/?page_id=647"},"modified":"2023-10-18T16:43:07","modified_gmt":"2023-10-18T16:43:07","slug":"home-2","status":"publish","type":"page","link":"https:\/\/cofestival.si\/2022\/en\/","title":{"rendered":"Home 2"},"content":{"rendered":"\t\t<div data-elementor-type=\"wp-page\" data-elementor-id=\"647\" class=\"elementor elementor-647\">\n\t\t\t\t\t\t<section class=\"elementor-section elementor-top-section elementor-element elementor-element-98ace67 elementor-section-full_width elementor-section-height-default elementor-section-height-default\" data-id=\"98ace67\" data-element_type=\"section\" data-e-type=\"section\">\n\t\t\t\t\t\t<div class=\"elementor-container elementor-column-gap-no\">\n\t\t\t\t\t<div class=\"elementor-column elementor-col-100 elementor-top-column elementor-element elementor-element-61abfa0\" data-id=\"61abfa0\" data-element_type=\"column\" data-e-type=\"column\">\n\t\t\t<div class=\"elementor-widget-wrap elementor-element-populated\">\n\t\t\t\t\t\t<div class=\"elementor-element elementor-element-d1ba914 elementor-widget elementor-widget-video\" data-id=\"d1ba914\" data-element_type=\"widget\" data-e-type=\"widget\" data-settings=\"{&quot;youtube_url&quot;:&quot;https:\\\/\\\/youtu.be\\\/dtUQ1znU6tA?si=kwjpUU1Ba_ClrUtH&quot;,&quot;autoplay&quot;:&quot;yes&quot;,&quot;mute&quot;:&quot;yes&quot;,&quot;video_type&quot;:&quot;youtube&quot;}\" data-widget_type=\"video.default\">\n\t\t\t\t<div class=\"elementor-widget-container\">\n\t\t\t\t\t\t\t<div class=\"elementor-wrapper elementor-open-inline\">\n\t\t\t<div class=\"elementor-video\"><\/div>\t\t<\/div>\n\t\t\t\t\t\t<\/div>\n\t\t\t\t<\/div>\n\t\t\t\t\t<\/div>\n\t\t<\/div>\n\t\t\t\t\t<\/div>\n\t\t<\/section>\n\t\t\t\t<section class=\"elementor-section elementor-top-section elementor-element elementor-element-a12896a elementor-section-boxed elementor-section-height-default elementor-section-height-default\" data-id=\"a12896a\" data-element_type=\"section\" data-e-type=\"section\">\n\t\t\t\t\t\t<div class=\"elementor-container elementor-column-gap-default\">\n\t\t\t\t\t<div class=\"elementor-column elementor-col-100 elementor-top-column elementor-element elementor-element-ac09bfb\" data-id=\"ac09bfb\" data-element_type=\"column\" data-e-type=\"column\">\n\t\t\t<div class=\"elementor-widget-wrap elementor-element-populated\">\n\t\t\t\t\t\t<div class=\"elementor-element elementor-element-cb835d8 elementor-widget elementor-widget-spacer\" data-id=\"cb835d8\" data-element_type=\"widget\" data-e-type=\"widget\" data-widget_type=\"spacer.default\">\n\t\t\t\t<div class=\"elementor-widget-container\">\n\t\t\t\t\t\t\t<div class=\"elementor-spacer\">\n\t\t\t<div class=\"elementor-spacer-inner\"><\/div>\n\t\t<\/div>\n\t\t\t\t\t\t<\/div>\n\t\t\t\t<\/div>\n\t\t\t\t\t<\/div>\n\t\t<\/div>\n\t\t\t\t\t<\/div>\n\t\t<\/section>\n\t\t\t\t<section class=\"elementor-section elementor-top-section elementor-element elementor-element-23057ba elementor-section-boxed elementor-section-height-default elementor-section-height-default\" data-id=\"23057ba\" data-element_type=\"section\" data-e-type=\"section\">\n\t\t\t\t\t\t<div class=\"elementor-container elementor-column-gap-default\">\n\t\t\t\t\t<div class=\"elementor-column elementor-col-100 elementor-top-column elementor-element elementor-element-2a92fc6\" data-id=\"2a92fc6\" data-element_type=\"column\" data-e-type=\"column\">\n\t\t\t<div class=\"elementor-widget-wrap elementor-element-populated\">\n\t\t\t\t\t\t<div class=\"elementor-element elementor-element-4bc37d8 elementor-grid-3 elementor-grid-tablet-2 elementor-grid-mobile-1 elementor-posts--thumbnail-top elementor-widget elementor-widget-posts\" data-id=\"4bc37d8\" data-element_type=\"widget\" data-e-type=\"widget\" data-settings=\"{&quot;classic_row_gap&quot;:{&quot;unit&quot;:&quot;px&quot;,&quot;size&quot;:48,&quot;sizes&quot;:[]},&quot;classic_columns&quot;:&quot;3&quot;,&quot;classic_columns_tablet&quot;:&quot;2&quot;,&quot;classic_columns_mobile&quot;:&quot;1&quot;,&quot;classic_row_gap_tablet&quot;:{&quot;unit&quot;:&quot;px&quot;,&quot;size&quot;:&quot;&quot;,&quot;sizes&quot;:[]},&quot;classic_row_gap_mobile&quot;:{&quot;unit&quot;:&quot;px&quot;,&quot;size&quot;:&quot;&quot;,&quot;sizes&quot;:[]}}\" data-widget_type=\"posts.classic\">\n\t\t\t\t<div class=\"elementor-widget-container\">\n\t\t\t\t\t\t\t<div class=\"elementor-posts-container elementor-posts elementor-posts--skin-classic elementor-grid\">\n\t\t\t\t<article class=\"elementor-post elementor-grid-item post-4091 post type-post status-publish format-standard has-post-thumbnail hentry category-cofestival\">\n\t\t\t\t<a class=\"elementor-post__thumbnail__link\" href=\"https:\/\/cofestival.si\/2022\/en\/vabljeni-na-cofestival-2023\/\" >\n\t\t\t<div class=\"elementor-post__thumbnail\"><img decoding=\"async\" width=\"300\" height=\"150\" src=\"https:\/\/cofestival.si\/2022\/wp-content\/uploads\/sites\/17\/2023\/10\/WEB-CoF-300x150.jpg\" class=\"attachment-medium size-medium wp-image-4092\" alt=\"\" srcset=\"https:\/\/cofestival.si\/2022\/wp-content\/uploads\/sites\/17\/2023\/10\/WEB-CoF-300x150.jpg 300w, https:\/\/cofestival.si\/2022\/wp-content\/uploads\/sites\/17\/2023\/10\/WEB-CoF-1024x512.jpg 1024w, https:\/\/cofestival.si\/2022\/wp-content\/uploads\/sites\/17\/2023\/10\/WEB-CoF-768x384.jpg 768w, https:\/\/cofestival.si\/2022\/wp-content\/uploads\/sites\/17\/2023\/10\/WEB-CoF.jpg 1500w\" sizes=\"(max-width: 300px) 100vw, 300px\" \/><\/div>\n\t\t<\/a>\n\t\t\t\t<div class=\"elementor-post__text\">\n\t\t\t\t<h2 class=\"elementor-post__title\">\n\t\t\t<a href=\"https:\/\/cofestival.si\/2022\/en\/vabljeni-na-cofestival-2023\/\" >\n\t\t\t\tJoin us at CoFestival 2023!\t\t\t<\/a>\n\t\t<\/h2>\n\t\t\t\t<div class=\"elementor-post__excerpt\">\n\t\t\t<p>The program of CoFestival, the international festival of contemporary dance, focuses on two curatorial themes in 2023. The first features a selection of artists who<\/p>\n\t\t<\/div>\n\t\t\n\t\t<a class=\"elementor-post__read-more\" href=\"https:\/\/cofestival.si\/2022\/en\/vabljeni-na-cofestival-2023\/\" >\n\t\t\t...\t\t<\/a>\n\n\t\t\t\t<\/div>\n\t\t\t\t<\/article>\n\t\t\t\t<article class=\"elementor-post elementor-grid-item post-4056 post type-post status-publish format-standard has-post-thumbnail hentry category-cofestival\">\n\t\t\t\t<a class=\"elementor-post__thumbnail__link\" href=\"https:\/\/cofestival.si\/2022\/en\/save-the-date\/\" >\n\t\t\t<div class=\"elementor-post__thumbnail\"><img fetchpriority=\"high\" decoding=\"async\" width=\"300\" height=\"200\" src=\"https:\/\/cofestival.si\/2022\/wp-content\/uploads\/sites\/17\/2023\/09\/foto_-Pinelopi-Gerasimou-300x200.jpeg\" class=\"attachment-medium size-medium wp-image-4057\" alt=\"\" srcset=\"https:\/\/cofestival.si\/2022\/wp-content\/uploads\/sites\/17\/2023\/09\/foto_-Pinelopi-Gerasimou-300x200.jpeg 300w, https:\/\/cofestival.si\/2022\/wp-content\/uploads\/sites\/17\/2023\/09\/foto_-Pinelopi-Gerasimou-1024x683.jpeg 1024w, https:\/\/cofestival.si\/2022\/wp-content\/uploads\/sites\/17\/2023\/09\/foto_-Pinelopi-Gerasimou-768x512.jpeg 768w, https:\/\/cofestival.si\/2022\/wp-content\/uploads\/sites\/17\/2023\/09\/foto_-Pinelopi-Gerasimou-1536x1024.jpeg 1536w, https:\/\/cofestival.si\/2022\/wp-content\/uploads\/sites\/17\/2023\/09\/foto_-Pinelopi-Gerasimou.jpeg 1942w\" sizes=\"(max-width: 300px) 100vw, 300px\" \/><\/div>\n\t\t<\/a>\n\t\t\t\t<div class=\"elementor-post__text\">\n\t\t\t\t<h2 class=\"elementor-post__title\">\n\t\t\t<a href=\"https:\/\/cofestival.si\/2022\/en\/save-the-date\/\" >\n\t\t\t\tSave the dates: 23 rd &#8211; 30 th November 2023, CoFestival in Ljubljana\t\t\t<\/a>\n\t\t<\/h2>\n\t\t\t\t<div class=\"elementor-post__excerpt\">\n\t\t\t<p>The new edition of CoFestival, the international festival of contemporary dance, will take place from the 23rd till the 30th of November. There are still<\/p>\n\t\t<\/div>\n\t\t\n\t\t<a class=\"elementor-post__read-more\" href=\"https:\/\/cofestival.si\/2022\/en\/save-the-date\/\" >\n\t\t\t...\t\t<\/a>\n\n\t\t\t\t<\/div>\n\t\t\t\t<\/article>\n\t\t\t\t<article class=\"elementor-post elementor-grid-item post-3937 post type-post status-publish format-standard has-post-thumbnail hentry category-cofestival\">\n\t\t\t\t<a class=\"elementor-post__thumbnail__link\" href=\"https:\/\/cofestival.si\/2022\/en\/glas-ki-ga-besedilo-ne-more-slisati-adam-kinner\/\" >\n\t\t\t<div class=\"elementor-post__thumbnail\"><img decoding=\"async\" width=\"199\" height=\"300\" src=\"https:\/\/cofestival.si\/2022\/wp-content\/uploads\/sites\/17\/2022\/11\/image-1-1-199x300.png\" class=\"attachment-medium size-medium wp-image-3938\" alt=\"\" srcset=\"https:\/\/cofestival.si\/2022\/wp-content\/uploads\/sites\/17\/2022\/11\/image-1-1-199x300.png 199w, https:\/\/cofestival.si\/2022\/wp-content\/uploads\/sites\/17\/2022\/11\/image-1-1.png 662w\" sizes=\"(max-width: 199px) 100vw, 199px\" \/><\/div>\n\t\t<\/a>\n\t\t\t\t<div class=\"elementor-post__text\">\n\t\t\t\t<h2 class=\"elementor-post__title\">\n\t\t\t<a href=\"https:\/\/cofestival.si\/2022\/en\/glas-ki-ga-besedilo-ne-more-slisati-adam-kinner\/\" >\n\t\t\t\tThe voice that the text can\u2019t hear &#8211; Adam Kinner\t\t\t<\/a>\n\t\t<\/h2>\n\t\t\t\t<div class=\"elementor-post__excerpt\">\n\t\t\t<p>NDA Slovenia in the frame of CoFestival announces an open call for participation in a 5-day free workshop\/lab The voice that the text can\u2019t hear<\/p>\n\t\t<\/div>\n\t\t\n\t\t<a class=\"elementor-post__read-more\" href=\"https:\/\/cofestival.si\/2022\/en\/glas-ki-ga-besedilo-ne-more-slisati-adam-kinner\/\" >\n\t\t\t...\t\t<\/a>\n\n\t\t\t\t<\/div>\n\t\t\t\t<\/article>\n\t\t\t\t<article class=\"elementor-post elementor-grid-item post-3802 post type-post status-publish format-standard has-post-thumbnail hentry category-cofestival\">\n\t\t\t\t<a class=\"elementor-post__thumbnail__link\" href=\"https:\/\/cofestival.si\/2022\/en\/feministicne-poti-plesa\/\" >\n\t\t\t<div class=\"elementor-post__thumbnail\"><img loading=\"lazy\" decoding=\"async\" width=\"300\" height=\"198\" src=\"https:\/\/cofestival.si\/2022\/wp-content\/uploads\/sites\/17\/2022\/11\/image-9-300x198.jpg\" class=\"attachment-medium size-medium wp-image-3899\" alt=\"\" srcset=\"https:\/\/cofestival.si\/2022\/wp-content\/uploads\/sites\/17\/2022\/11\/image-9-300x198.jpg 300w, https:\/\/cofestival.si\/2022\/wp-content\/uploads\/sites\/17\/2022\/11\/image-9-1024x677.jpg 1024w, https:\/\/cofestival.si\/2022\/wp-content\/uploads\/sites\/17\/2022\/11\/image-9-768x508.jpg 768w, https:\/\/cofestival.si\/2022\/wp-content\/uploads\/sites\/17\/2022\/11\/image-9.jpg 1323w\" sizes=\"(max-width: 300px) 100vw, 300px\" \/><\/div>\n\t\t<\/a>\n\t\t\t\t<div class=\"elementor-post__text\">\n\t\t\t\t<h2 class=\"elementor-post__title\">\n\t\t\t<a href=\"https:\/\/cofestival.si\/2022\/en\/feministicne-poti-plesa\/\" >\n\t\t\t\tFeminist Ways of Dance\t\t\t<\/a>\n\t\t<\/h2>\n\t\t\t\t<div class=\"elementor-post__excerpt\">\n\t\t\t<p>The inspiration for the series of diverse events entitled Feminist Dance Pathways was taken from a statement by Franco Berardi Bifo, who said that social<\/p>\n\t\t<\/div>\n\t\t\n\t\t<a class=\"elementor-post__read-more\" href=\"https:\/\/cofestival.si\/2022\/en\/feministicne-poti-plesa\/\" >\n\t\t\t...\t\t<\/a>\n\n\t\t\t\t<\/div>\n\t\t\t\t<\/article>\n\t\t\t\t<article class=\"elementor-post elementor-grid-item post-3807 post type-post status-publish format-standard has-post-thumbnail hentry category-cofestival\">\n\t\t\t\t<a class=\"elementor-post__thumbnail__link\" href=\"https:\/\/cofestival.si\/2022\/en\/rok-vevar-po-urbanih-poteh-zgodovine-slovenskega-sodobnega-plesa-in-gledalisca-2022\/\" >\n\t\t\t<div class=\"elementor-post__thumbnail\"><img loading=\"lazy\" decoding=\"async\" width=\"300\" height=\"200\" src=\"https:\/\/cofestival.si\/2022\/wp-content\/uploads\/sites\/17\/2021\/09\/127710647_3609385342510396_1134009914778907214_n-300x200.jpeg\" class=\"attachment-medium size-medium wp-image-2454\" alt=\"\" srcset=\"https:\/\/cofestival.si\/2022\/wp-content\/uploads\/sites\/17\/2021\/09\/127710647_3609385342510396_1134009914778907214_n-300x200.jpeg 300w, https:\/\/cofestival.si\/2022\/wp-content\/uploads\/sites\/17\/2021\/09\/127710647_3609385342510396_1134009914778907214_n-768x512.jpeg 768w, https:\/\/cofestival.si\/2022\/wp-content\/uploads\/sites\/17\/2021\/09\/127710647_3609385342510396_1134009914778907214_n.jpeg 960w\" sizes=\"(max-width: 300px) 100vw, 300px\" \/><\/div>\n\t\t<\/a>\n\t\t\t\t<div class=\"elementor-post__text\">\n\t\t\t\t<h2 class=\"elementor-post__title\">\n\t\t\t<a href=\"https:\/\/cofestival.si\/2022\/en\/rok-vevar-po-urbanih-poteh-zgodovine-slovenskega-sodobnega-plesa-in-gledalisca-2022\/\" >\n\t\t\t\tRok Vevar: Along the Urban Pathways of the History of Slovenian Contemporary Dance and Theatre (2022)\t\t\t<\/a>\n\t\t<\/h2>\n\t\t\t\t<div class=\"elementor-post__excerpt\">\n\t\t\t<p>In recent years, Slovenia has also witnessed a tremendous growth in tours of the capital through the prisms of different communities or cultural-historical highlights, in<\/p>\n\t\t<\/div>\n\t\t\n\t\t<a class=\"elementor-post__read-more\" href=\"https:\/\/cofestival.si\/2022\/en\/rok-vevar-po-urbanih-poteh-zgodovine-slovenskega-sodobnega-plesa-in-gledalisca-2022\/\" >\n\t\t\t...\t\t<\/a>\n\n\t\t\t\t<\/div>\n\t\t\t\t<\/article>\n\t\t\t\t<article class=\"elementor-post elementor-grid-item post-3810 post type-post status-publish format-standard has-post-thumbnail hentry category-cofestival\">\n\t\t\t\t<a class=\"elementor-post__thumbnail__link\" href=\"https:\/\/cofestival.si\/2022\/en\/slovenski-gledaliski-zalozniki-na-cofestivalu\/\" >\n\t\t\t<div class=\"elementor-post__thumbnail\"><img loading=\"lazy\" decoding=\"async\" width=\"300\" height=\"200\" src=\"https:\/\/cofestival.si\/2022\/wp-content\/uploads\/sites\/17\/2021\/10\/Slovenski-gledalis\u030cki-zaloz\u030cniki_-Foto-Asiana-Jurca-Avci_3-1-300x200.jpg\" class=\"attachment-medium size-medium wp-image-3260\" alt=\"\" srcset=\"https:\/\/cofestival.si\/2022\/wp-content\/uploads\/sites\/17\/2021\/10\/Slovenski-gledalis\u030cki-zaloz\u030cniki_-Foto-Asiana-Jurca-Avci_3-1-300x200.jpg 300w, https:\/\/cofestival.si\/2022\/wp-content\/uploads\/sites\/17\/2021\/10\/Slovenski-gledalis\u030cki-zaloz\u030cniki_-Foto-Asiana-Jurca-Avci_3-1-1024x683.jpg 1024w, https:\/\/cofestival.si\/2022\/wp-content\/uploads\/sites\/17\/2021\/10\/Slovenski-gledalis\u030cki-zaloz\u030cniki_-Foto-Asiana-Jurca-Avci_3-1-768x512.jpg 768w, https:\/\/cofestival.si\/2022\/wp-content\/uploads\/sites\/17\/2021\/10\/Slovenski-gledalis\u030cki-zaloz\u030cniki_-Foto-Asiana-Jurca-Avci_3-1-1536x1024.jpg 1536w, https:\/\/cofestival.si\/2022\/wp-content\/uploads\/sites\/17\/2021\/10\/Slovenski-gledalis\u030cki-zaloz\u030cniki_-Foto-Asiana-Jurca-Avci_3-1.jpg 1800w\" sizes=\"(max-width: 300px) 100vw, 300px\" \/><\/div>\n\t\t<\/a>\n\t\t\t\t<div class=\"elementor-post__text\">\n\t\t\t\t<h2 class=\"elementor-post__title\">\n\t\t\t<a href=\"https:\/\/cofestival.si\/2022\/en\/slovenski-gledaliski-zalozniki-na-cofestivalu\/\" >\n\t\t\t\tSlovenian Theatre Publishers at CoFestival\t\t\t<\/a>\n\t\t<\/h2>\n\t\t\t\t<div class=\"elementor-post__excerpt\">\n\t\t\t<p>The Slovenian Theatre Publisher Network, which includes Emanat Institute, the MGL Library, Maska Ljubljana and The Slovenian Theatre Institute \u2013 SLOGI, was established with the<\/p>\n\t\t<\/div>\n\t\t\n\t\t<a class=\"elementor-post__read-more\" href=\"https:\/\/cofestival.si\/2022\/en\/slovenski-gledaliski-zalozniki-na-cofestivalu\/\" >\n\t\t\t...\t\t<\/a>\n\n\t\t\t\t<\/div>\n\t\t\t\t<\/article>\n\t\t\t\t<article class=\"elementor-post elementor-grid-item post-3816 post type-post status-publish format-standard has-post-thumbnail hentry category-cofestival\">\n\t\t\t\t<a class=\"elementor-post__thumbnail__link\" href=\"https:\/\/cofestival.si\/2022\/en\/grand-re-union-povezovanje-2022\/\" >\n\t\t\t<div class=\"elementor-post__thumbnail\"><img loading=\"lazy\" decoding=\"async\" width=\"300\" height=\"298\" src=\"https:\/\/cofestival.si\/2022\/wp-content\/uploads\/sites\/17\/2022\/11\/image-1-300x298.png\" class=\"attachment-medium size-medium wp-image-3867\" alt=\"\" srcset=\"https:\/\/cofestival.si\/2022\/wp-content\/uploads\/sites\/17\/2022\/11\/image-1-300x298.png 300w, https:\/\/cofestival.si\/2022\/wp-content\/uploads\/sites\/17\/2022\/11\/image-1-150x150.png 150w, https:\/\/cofestival.si\/2022\/wp-content\/uploads\/sites\/17\/2022\/11\/image-1-768x762.png 768w, https:\/\/cofestival.si\/2022\/wp-content\/uploads\/sites\/17\/2022\/11\/image-1.png 792w\" sizes=\"(max-width: 300px) 100vw, 300px\" \/><\/div>\n\t\t<\/a>\n\t\t\t\t<div class=\"elementor-post__text\">\n\t\t\t\t<h2 class=\"elementor-post__title\">\n\t\t\t<a href=\"https:\/\/cofestival.si\/2022\/en\/grand-re-union-povezovanje-2022\/\" >\n\t\t\t\tGrand re Union: Connect (2022)\u00a0\t\t\t<\/a>\n\t\t<\/h2>\n\t\t\t\t<div class=\"elementor-post__excerpt\">\n\t\t\t<p>Between 2020 and 2021, the Grand re Union project was created, which, at the time of the pandemic, allowed the international dance community to inform<\/p>\n\t\t<\/div>\n\t\t\n\t\t<a class=\"elementor-post__read-more\" href=\"https:\/\/cofestival.si\/2022\/en\/grand-re-union-povezovanje-2022\/\" >\n\t\t\t...\t\t<\/a>\n\n\t\t\t\t<\/div>\n\t\t\t\t<\/article>\n\t\t\t\t<article class=\"elementor-post elementor-grid-item post-3820 post type-post status-publish format-standard has-post-thumbnail hentry category-cofestival\">\n\t\t\t\t<a class=\"elementor-post__thumbnail__link\" href=\"https:\/\/cofestival.si\/2022\/en\/moritz-ostruschnjak-plesne-instrukcije-ne-bo-vecno-tako-2020\/\" >\n\t\t\t<div class=\"elementor-post__thumbnail\"><img loading=\"lazy\" decoding=\"async\" width=\"300\" height=\"200\" src=\"https:\/\/cofestival.si\/2022\/wp-content\/uploads\/sites\/17\/2022\/11\/image-300x200.jpg\" class=\"attachment-medium size-medium wp-image-3821\" alt=\"\" srcset=\"https:\/\/cofestival.si\/2022\/wp-content\/uploads\/sites\/17\/2022\/11\/image-300x200.jpg 300w, https:\/\/cofestival.si\/2022\/wp-content\/uploads\/sites\/17\/2022\/11\/image-768x513.jpg 768w, https:\/\/cofestival.si\/2022\/wp-content\/uploads\/sites\/17\/2022\/11\/image.jpg 956w\" sizes=\"(max-width: 300px) 100vw, 300px\" \/><\/div>\n\t\t<\/a>\n\t\t\t\t<div class=\"elementor-post__text\">\n\t\t\t\t<h2 class=\"elementor-post__title\">\n\t\t\t<a href=\"https:\/\/cofestival.si\/2022\/en\/moritz-ostruschnjak-plesne-instrukcije-ne-bo-vecno-tako-2020\/\" >\n\t\t\t\tMoritz Ostruschnjak: Tanzanweisungen (It Won\u2019t Be Like This Forever) (2020)\t\t\t<\/a>\n\t\t<\/h2>\n\t\t\t\t<div class=\"elementor-post__excerpt\">\n\t\t\t<p>The palimpsest solo, danced by Daniel Conant in two \u00bbnonchalant swings\u00ab, is a sprint through the encyclopaedia of dance vitalism. An ironic work about \u00bbthe<\/p>\n\t\t<\/div>\n\t\t\n\t\t<a class=\"elementor-post__read-more\" href=\"https:\/\/cofestival.si\/2022\/en\/moritz-ostruschnjak-plesne-instrukcije-ne-bo-vecno-tako-2020\/\" >\n\t\t\t...\t\t<\/a>\n\n\t\t\t\t<\/div>\n\t\t\t\t<\/article>\n\t\t\t\t<article class=\"elementor-post elementor-grid-item post-3823 post type-post status-publish format-standard has-post-thumbnail hentry category-cofestival\">\n\t\t\t\t<a class=\"elementor-post__thumbnail__link\" href=\"https:\/\/cofestival.si\/2022\/en\/vazz-dj-set-dj-puno-kosta\/\" >\n\t\t\t<div class=\"elementor-post__thumbnail\"><img loading=\"lazy\" decoding=\"async\" width=\"300\" height=\"300\" src=\"https:\/\/cofestival.si\/2022\/wp-content\/uploads\/sites\/17\/2022\/11\/vazz-dj-set-300x300.jpg\" class=\"attachment-medium size-medium wp-image-3893\" alt=\"\" srcset=\"https:\/\/cofestival.si\/2022\/wp-content\/uploads\/sites\/17\/2022\/11\/vazz-dj-set-300x300.jpg 300w, https:\/\/cofestival.si\/2022\/wp-content\/uploads\/sites\/17\/2022\/11\/vazz-dj-set-150x150.jpg 150w, https:\/\/cofestival.si\/2022\/wp-content\/uploads\/sites\/17\/2022\/11\/vazz-dj-set.jpg 717w\" sizes=\"(max-width: 300px) 100vw, 300px\" \/><\/div>\n\t\t<\/a>\n\t\t\t\t<div class=\"elementor-post__text\">\n\t\t\t\t<h2 class=\"elementor-post__title\">\n\t\t\t<a href=\"https:\/\/cofestival.si\/2022\/en\/vazz-dj-set-dj-puno-kosta\/\" >\n\t\t\t\tVAZZ DJ set , DJ Puno Ko\u0161ta\u00a0\t\t\t<\/a>\n\t\t<\/h2>\n\t\t\t\t<div class=\"elementor-post__excerpt\">\n\t\t\t<p>Friday, 25th of November 2022 at 9:00 p.m. Kino \u0160i\u0161ka, Lower Foyer &nbsp; Free entry!<\/p>\n\t\t<\/div>\n\t\t\n\t\t<a class=\"elementor-post__read-more\" href=\"https:\/\/cofestival.si\/2022\/en\/vazz-dj-set-dj-puno-kosta\/\" >\n\t\t\t...\t\t<\/a>\n\n\t\t\t\t<\/div>\n\t\t\t\t<\/article>\n\t\t\t\t<article class=\"elementor-post elementor-grid-item post-3826 post type-post status-publish format-standard has-post-thumbnail hentry category-cofestival\">\n\t\t\t\t<a class=\"elementor-post__thumbnail__link\" href=\"https:\/\/cofestival.si\/2022\/en\/feministicne-poti-plesa-participatorna-igra\/\" >\n\t\t\t<div class=\"elementor-post__thumbnail\"><img loading=\"lazy\" decoding=\"async\" width=\"300\" height=\"200\" src=\"https:\/\/cofestival.si\/2022\/wp-content\/uploads\/sites\/17\/2022\/11\/image-8-300x200.jpg\" class=\"attachment-medium size-medium wp-image-3891\" alt=\"\" srcset=\"https:\/\/cofestival.si\/2022\/wp-content\/uploads\/sites\/17\/2022\/11\/image-8-300x200.jpg 300w, https:\/\/cofestival.si\/2022\/wp-content\/uploads\/sites\/17\/2022\/11\/image-8-1024x681.jpg 1024w, https:\/\/cofestival.si\/2022\/wp-content\/uploads\/sites\/17\/2022\/11\/image-8-768x511.jpg 768w, https:\/\/cofestival.si\/2022\/wp-content\/uploads\/sites\/17\/2022\/11\/image-8.jpg 1323w\" sizes=\"(max-width: 300px) 100vw, 300px\" \/><\/div>\n\t\t<\/a>\n\t\t\t\t<div class=\"elementor-post__text\">\n\t\t\t\t<h2 class=\"elementor-post__title\">\n\t\t\t<a href=\"https:\/\/cofestival.si\/2022\/en\/feministicne-poti-plesa-participatorna-igra\/\" >\n\t\t\t\tFeminist Ways of Dance (2022) &#8211;  Participatory event\t\t\t<\/a>\n\t\t<\/h2>\n\t\t\t\t<div class=\"elementor-post__excerpt\">\n\t\t\t<p>Feminist Dance Pathways invest in a playful and open way in a constructive relationship with one\u2019s own past, opening up a sensibility for one\u2019s own<\/p>\n\t\t<\/div>\n\t\t\n\t\t<a class=\"elementor-post__read-more\" href=\"https:\/\/cofestival.si\/2022\/en\/feministicne-poti-plesa-participatorna-igra\/\" >\n\t\t\t...\t\t<\/a>\n\n\t\t\t\t<\/div>\n\t\t\t\t<\/article>\n\t\t\t\t<article class=\"elementor-post elementor-grid-item post-3829 post type-post status-publish format-standard has-post-thumbnail hentry category-cofestival\">\n\t\t\t\t<a class=\"elementor-post__thumbnail__link\" href=\"https:\/\/cofestival.si\/2022\/en\/skart-dorde-balmazovic-odprta-beleznica-2022\/\" >\n\t\t\t<div class=\"elementor-post__thumbnail\"><img loading=\"lazy\" decoding=\"async\" width=\"300\" height=\"183\" src=\"https:\/\/cofestival.si\/2022\/wp-content\/uploads\/sites\/17\/2022\/11\/image-5-300x183.png\" class=\"attachment-medium size-medium wp-image-3892\" alt=\"\" srcset=\"https:\/\/cofestival.si\/2022\/wp-content\/uploads\/sites\/17\/2022\/11\/image-5-300x183.png 300w, https:\/\/cofestival.si\/2022\/wp-content\/uploads\/sites\/17\/2022\/11\/image-5.png 693w\" sizes=\"(max-width: 300px) 100vw, 300px\" \/><\/div>\n\t\t<\/a>\n\t\t\t\t<div class=\"elementor-post__text\">\n\t\t\t\t<h2 class=\"elementor-post__title\">\n\t\t\t<a href=\"https:\/\/cofestival.si\/2022\/en\/skart-dorde-balmazovic-odprta-beleznica-2022\/\" >\n\t\t\t\t\u0160kart (\u0110or\u0111e Balmazovi\u0107): Open Sketchbook (2022)\t\t\t<\/a>\n\t\t<\/h2>\n\t\t\t\t<div class=\"elementor-post__excerpt\">\n\t\t\t<p>The Open Sketchbook exhibition consists of drawings made during the observation process of the Silver Gold project development, executed by an intergenerational dance and choreographic<\/p>\n\t\t<\/div>\n\t\t\n\t\t<a class=\"elementor-post__read-more\" href=\"https:\/\/cofestival.si\/2022\/en\/skart-dorde-balmazovic-odprta-beleznica-2022\/\" >\n\t\t\t...\t\t<\/a>\n\n\t\t\t\t<\/div>\n\t\t\t\t<\/article>\n\t\t\t\t<article class=\"elementor-post elementor-grid-item post-3831 post type-post status-publish format-standard has-post-thumbnail hentry category-cofestival\">\n\t\t\t\t<a class=\"elementor-post__thumbnail__link\" href=\"https:\/\/cofestival.si\/2022\/en\/adam-kinner-izbrani-nacini-govora-2022\/\" >\n\t\t\t<div class=\"elementor-post__thumbnail\"><img loading=\"lazy\" decoding=\"async\" width=\"300\" height=\"180\" src=\"https:\/\/cofestival.si\/2022\/wp-content\/uploads\/sites\/17\/2022\/11\/image-7-300x180.jpg\" class=\"attachment-medium size-medium wp-image-3866\" alt=\"\" srcset=\"https:\/\/cofestival.si\/2022\/wp-content\/uploads\/sites\/17\/2022\/11\/image-7-300x180.jpg 300w, https:\/\/cofestival.si\/2022\/wp-content\/uploads\/sites\/17\/2022\/11\/image-7-1024x614.jpg 1024w, https:\/\/cofestival.si\/2022\/wp-content\/uploads\/sites\/17\/2022\/11\/image-7-768x460.jpg 768w, https:\/\/cofestival.si\/2022\/wp-content\/uploads\/sites\/17\/2022\/11\/image-7.jpg 1161w\" sizes=\"(max-width: 300px) 100vw, 300px\" \/><\/div>\n\t\t<\/a>\n\t\t\t\t<div class=\"elementor-post__text\">\n\t\t\t\t<h2 class=\"elementor-post__title\">\n\t\t\t<a href=\"https:\/\/cofestival.si\/2022\/en\/adam-kinner-izbrani-nacini-govora-2022\/\" >\n\t\t\t\tAdam Kinner: Some Ways of Speaking (2022)\u00a0\t\t\t<\/a>\n\t\t<\/h2>\n\t\t\t\t<div class=\"elementor-post__excerpt\">\n\t\t\t<p>American-Canadian choreographer and musician Adam Kinner will share with the audience aspects of his work that link performance practice and choreography, enriching them with studies<\/p>\n\t\t<\/div>\n\t\t\n\t\t<a class=\"elementor-post__read-more\" href=\"https:\/\/cofestival.si\/2022\/en\/adam-kinner-izbrani-nacini-govora-2022\/\" >\n\t\t\t...\t\t<\/a>\n\n\t\t\t\t<\/div>\n\t\t\t\t<\/article>\n\t\t\t\t<article class=\"elementor-post elementor-grid-item post-3833 post type-post status-publish format-standard has-post-thumbnail hentry category-cofestival\">\n\t\t\t\t<a class=\"elementor-post__thumbnail__link\" href=\"https:\/\/cofestival.si\/2022\/en\/barbara-matijevic-in-giuseppe-chico-zaslonajstniki-ii-2022\/\" >\n\t\t\t<div class=\"elementor-post__thumbnail\"><img loading=\"lazy\" decoding=\"async\" width=\"300\" height=\"200\" src=\"https:\/\/cofestival.si\/2022\/wp-content\/uploads\/sites\/17\/2022\/11\/screangers-300x200.jpg\" class=\"attachment-medium size-medium wp-image-3834\" alt=\"\" srcset=\"https:\/\/cofestival.si\/2022\/wp-content\/uploads\/sites\/17\/2022\/11\/screangers-300x200.jpg 300w, https:\/\/cofestival.si\/2022\/wp-content\/uploads\/sites\/17\/2022\/11\/screangers-768x513.jpg 768w, https:\/\/cofestival.si\/2022\/wp-content\/uploads\/sites\/17\/2022\/11\/screangers.jpg 916w\" sizes=\"(max-width: 300px) 100vw, 300px\" \/><\/div>\n\t\t<\/a>\n\t\t\t\t<div class=\"elementor-post__text\">\n\t\t\t\t<h2 class=\"elementor-post__title\">\n\t\t\t<a href=\"https:\/\/cofestival.si\/2022\/en\/barbara-matijevic-in-giuseppe-chico-zaslonajstniki-ii-2022\/\" >\n\t\t\t\tBarbara Matijevi\u0107 and Giuseppe Chico: Screenagers vol. II (2022)\t\t\t<\/a>\n\t\t<\/h2>\n\t\t\t\t<div class=\"elementor-post__excerpt\">\n\t\t\t<p>In the DIY musical Screenagers II, the two artists, who captivated the audience at the 2017 CoFestival with their duet for dancer and screen Forecasting,<\/p>\n\t\t<\/div>\n\t\t\n\t\t<a class=\"elementor-post__read-more\" href=\"https:\/\/cofestival.si\/2022\/en\/barbara-matijevic-in-giuseppe-chico-zaslonajstniki-ii-2022\/\" >\n\t\t\t...\t\t<\/a>\n\n\t\t\t\t<\/div>\n\t\t\t\t<\/article>\n\t\t\t\t<article class=\"elementor-post elementor-grid-item post-3841 post type-post status-publish format-standard has-post-thumbnail hentry category-cofestival\">\n\t\t\t\t<a class=\"elementor-post__thumbnail__link\" href=\"https:\/\/cofestival.si\/2022\/en\/yuske-taninaka-galop-2022\/\" >\n\t\t\t<div class=\"elementor-post__thumbnail\"><img loading=\"lazy\" decoding=\"async\" width=\"300\" height=\"198\" src=\"https:\/\/cofestival.si\/2022\/wp-content\/uploads\/sites\/17\/2022\/11\/signal-2022-11-03-205048_002-300x198.jpeg\" class=\"attachment-medium size-medium wp-image-3839\" alt=\"\" srcset=\"https:\/\/cofestival.si\/2022\/wp-content\/uploads\/sites\/17\/2022\/11\/signal-2022-11-03-205048_002-300x198.jpeg 300w, https:\/\/cofestival.si\/2022\/wp-content\/uploads\/sites\/17\/2022\/11\/signal-2022-11-03-205048_002-768x508.jpeg 768w, https:\/\/cofestival.si\/2022\/wp-content\/uploads\/sites\/17\/2022\/11\/signal-2022-11-03-205048_002.jpeg 918w\" sizes=\"(max-width: 300px) 100vw, 300px\" \/><\/div>\n\t\t<\/a>\n\t\t\t\t<div class=\"elementor-post__text\">\n\t\t\t\t<h2 class=\"elementor-post__title\">\n\t\t\t<a href=\"https:\/\/cofestival.si\/2022\/en\/yuske-taninaka-galop-2022\/\" >\n\t\t\t\tYuske Taninaka: Gallop (2022)\t\t\t<\/a>\n\t\t<\/h2>\n\t\t\t\t<div class=\"elementor-post__excerpt\">\n\t\t\t<p>With his solo Gallop, the young Japanese artist Yuske Taninaka enters the international arena as a meticulous researcher, an insightful analyst and a lucid creator.<\/p>\n\t\t<\/div>\n\t\t\n\t\t<a class=\"elementor-post__read-more\" href=\"https:\/\/cofestival.si\/2022\/en\/yuske-taninaka-galop-2022\/\" >\n\t\t\t...\t\t<\/a>\n\n\t\t\t\t<\/div>\n\t\t\t\t<\/article>\n\t\t\t\t<article class=\"elementor-post elementor-grid-item post-3843 post type-post status-publish format-standard has-post-thumbnail hentry category-cofestival\">\n\t\t\t\t<a class=\"elementor-post__thumbnail__link\" href=\"https:\/\/cofestival.si\/2022\/en\/michiel-vandevelde-goldbergove-variacije-2020\/\" >\n\t\t\t<div class=\"elementor-post__thumbnail\"><img loading=\"lazy\" decoding=\"async\" width=\"300\" height=\"196\" src=\"https:\/\/cofestival.si\/2022\/wp-content\/uploads\/sites\/17\/2022\/11\/image-10-300x196.jpg\" class=\"attachment-medium size-medium wp-image-3901\" alt=\"\" srcset=\"https:\/\/cofestival.si\/2022\/wp-content\/uploads\/sites\/17\/2022\/11\/image-10-300x196.jpg 300w, https:\/\/cofestival.si\/2022\/wp-content\/uploads\/sites\/17\/2022\/11\/image-10-1024x670.jpg 1024w, https:\/\/cofestival.si\/2022\/wp-content\/uploads\/sites\/17\/2022\/11\/image-10-768x502.jpg 768w, https:\/\/cofestival.si\/2022\/wp-content\/uploads\/sites\/17\/2022\/11\/image-10.jpg 1332w\" sizes=\"(max-width: 300px) 100vw, 300px\" \/><\/div>\n\t\t<\/a>\n\t\t\t\t<div class=\"elementor-post__text\">\n\t\t\t\t<h2 class=\"elementor-post__title\">\n\t\t\t<a href=\"https:\/\/cofestival.si\/2022\/en\/michiel-vandevelde-goldbergove-variacije-2020\/\" >\n\t\t\t\tMichiel Vandevelde\/Philippe Thuriot\/Platform-K: The Goldberg Variations (2020)\t\t\t<\/a>\n\t\t<\/h2>\n\t\t\t\t<div class=\"elementor-post__excerpt\">\n\t\t\t<p>For dancer and choreographer Michiel Vandevelde, whom we welcomed to CoFestival in 2019 with The Ends of the Worlds, the core material is dance time,<\/p>\n\t\t<\/div>\n\t\t\n\t\t<a class=\"elementor-post__read-more\" href=\"https:\/\/cofestival.si\/2022\/en\/michiel-vandevelde-goldbergove-variacije-2020\/\" >\n\t\t\t...\t\t<\/a>\n\n\t\t\t\t<\/div>\n\t\t\t\t<\/article>\n\t\t\t\t<article class=\"elementor-post elementor-grid-item post-3847 post type-post status-publish format-standard has-post-thumbnail hentry category-cofestival\">\n\t\t\t\t<a class=\"elementor-post__thumbnail__link\" href=\"https:\/\/cofestival.si\/2022\/en\/aleksandar-georgiev-skrinsejver-2020\/\" >\n\t\t\t<div class=\"elementor-post__thumbnail\"><img loading=\"lazy\" decoding=\"async\" width=\"300\" height=\"198\" src=\"https:\/\/cofestival.si\/2022\/wp-content\/uploads\/sites\/17\/2022\/11\/image-3-300x198.jpg\" class=\"attachment-medium size-medium wp-image-3848\" alt=\"\" srcset=\"https:\/\/cofestival.si\/2022\/wp-content\/uploads\/sites\/17\/2022\/11\/image-3-300x198.jpg 300w, https:\/\/cofestival.si\/2022\/wp-content\/uploads\/sites\/17\/2022\/11\/image-3-1024x676.jpg 1024w, https:\/\/cofestival.si\/2022\/wp-content\/uploads\/sites\/17\/2022\/11\/image-3-768x507.jpg 768w, https:\/\/cofestival.si\/2022\/wp-content\/uploads\/sites\/17\/2022\/11\/image-3.jpg 1323w\" sizes=\"(max-width: 300px) 100vw, 300px\" \/><\/div>\n\t\t<\/a>\n\t\t\t\t<div class=\"elementor-post__text\">\n\t\t\t\t<h2 class=\"elementor-post__title\">\n\t\t\t<a href=\"https:\/\/cofestival.si\/2022\/en\/aleksandar-georgiev-skrinsejver-2020\/\" >\n\t\t\t\tAleksandar Georgiev: Screensaver (2020)\t\t\t<\/a>\n\t\t<\/h2>\n\t\t\t\t<div class=\"elementor-post__excerpt\">\n\t\t\t<p>The choreography creates a dance rhetorical zone in which choreographic forms or procedural forms from recent dance history are brought together in the meditative image<\/p>\n\t\t<\/div>\n\t\t\n\t\t<a class=\"elementor-post__read-more\" href=\"https:\/\/cofestival.si\/2022\/en\/aleksandar-georgiev-skrinsejver-2020\/\" >\n\t\t\t...\t\t<\/a>\n\n\t\t\t\t<\/div>\n\t\t\t\t<\/article>\n\t\t\t\t<article class=\"elementor-post elementor-grid-item post-3850 post type-post status-publish format-standard has-post-thumbnail hentry category-cofestival\">\n\t\t\t\t<a class=\"elementor-post__thumbnail__link\" href=\"https:\/\/cofestival.si\/2022\/en\/vera-ondrasikova-in-kolektiv-prica-2021\/\" >\n\t\t\t<div class=\"elementor-post__thumbnail\"><img loading=\"lazy\" decoding=\"async\" width=\"300\" height=\"193\" src=\"https:\/\/cofestival.si\/2022\/wp-content\/uploads\/sites\/17\/2022\/11\/image-4-300x193.jpg\" class=\"attachment-medium size-medium wp-image-3851\" alt=\"\" srcset=\"https:\/\/cofestival.si\/2022\/wp-content\/uploads\/sites\/17\/2022\/11\/image-4-300x193.jpg 300w, https:\/\/cofestival.si\/2022\/wp-content\/uploads\/sites\/17\/2022\/11\/image-4-1024x659.jpg 1024w, https:\/\/cofestival.si\/2022\/wp-content\/uploads\/sites\/17\/2022\/11\/image-4-768x494.jpg 768w, https:\/\/cofestival.si\/2022\/wp-content\/uploads\/sites\/17\/2022\/11\/image-4.jpg 1374w\" sizes=\"(max-width: 300px) 100vw, 300px\" \/><\/div>\n\t\t<\/a>\n\t\t\t\t<div class=\"elementor-post__text\">\n\t\t\t\t<h2 class=\"elementor-post__title\">\n\t\t\t<a href=\"https:\/\/cofestival.si\/2022\/en\/vera-ondrasikova-in-kolektiv-prica-2021\/\" >\n\t\t\t\tV\u011bra Ondra\u0161\u00edkov\u00e1 &#038; Collective: Witness (2021)\t\t\t<\/a>\n\t\t<\/h2>\n\t\t\t\t<div class=\"elementor-post__excerpt\">\n\t\t\t<p>It would be hard to imagine a more iconic site in twentieth-century theatre than the barren tree of Beckett\u2019s Godot. A witness to time, its<\/p>\n\t\t<\/div>\n\t\t\n\t\t<a class=\"elementor-post__read-more\" href=\"https:\/\/cofestival.si\/2022\/en\/vera-ondrasikova-in-kolektiv-prica-2021\/\" >\n\t\t\t...\t\t<\/a>\n\n\t\t\t\t<\/div>\n\t\t\t\t<\/article>\n\t\t\t\t<article class=\"elementor-post elementor-grid-item post-3853 post type-post status-publish format-standard has-post-thumbnail hentry category-cofestival\">\n\t\t\t\t<a class=\"elementor-post__thumbnail__link\" href=\"https:\/\/cofestival.si\/2022\/en\/magdalena-reiter-in-mateja-rebolj-preludiji-in-fuge-2022\/\" >\n\t\t\t<div class=\"elementor-post__thumbnail\"><img loading=\"lazy\" decoding=\"async\" width=\"300\" height=\"175\" src=\"https:\/\/cofestival.si\/2022\/wp-content\/uploads\/sites\/17\/2022\/11\/image-5-300x175.jpg\" class=\"attachment-medium size-medium wp-image-3854\" alt=\"\" srcset=\"https:\/\/cofestival.si\/2022\/wp-content\/uploads\/sites\/17\/2022\/11\/image-5-300x175.jpg 300w, https:\/\/cofestival.si\/2022\/wp-content\/uploads\/sites\/17\/2022\/11\/image-5-1024x598.jpg 1024w, https:\/\/cofestival.si\/2022\/wp-content\/uploads\/sites\/17\/2022\/11\/image-5-768x449.jpg 768w, https:\/\/cofestival.si\/2022\/wp-content\/uploads\/sites\/17\/2022\/11\/image-5.jpg 1203w\" sizes=\"(max-width: 300px) 100vw, 300px\" \/><\/div>\n\t\t<\/a>\n\t\t\t\t<div class=\"elementor-post__text\">\n\t\t\t\t<h2 class=\"elementor-post__title\">\n\t\t\t<a href=\"https:\/\/cofestival.si\/2022\/en\/magdalena-reiter-in-mateja-rebolj-preludiji-in-fuge-2022\/\" >\n\t\t\t\tMagdalena Reiter &#038; Mateja Rebolj: Preludes and Fugues (2022)\u00a0\t\t\t<\/a>\n\t\t<\/h2>\n\t\t\t\t<div class=\"elementor-post__excerpt\">\n\t\t\t<p>In 2003, Magdalena Reiter and Mateja Rebolj created the excellent intergenerational dance confrontation Forma Interrogativa. Twenty years later, their second collaboration in Preludes and Fugues<\/p>\n\t\t<\/div>\n\t\t\n\t\t<a class=\"elementor-post__read-more\" href=\"https:\/\/cofestival.si\/2022\/en\/magdalena-reiter-in-mateja-rebolj-preludiji-in-fuge-2022\/\" >\n\t\t\t...\t\t<\/a>\n\n\t\t\t\t<\/div>\n\t\t\t\t<\/article>\n\t\t\t\t<article class=\"elementor-post elementor-grid-item post-3857 post type-post status-publish format-standard has-post-thumbnail hentry category-cofestival\">\n\t\t\t\t<a class=\"elementor-post__thumbnail__link\" href=\"https:\/\/cofestival.si\/2022\/en\/mala-kline-venera-med-ujetostjo-in-letenjem-2022\/\" >\n\t\t\t<div class=\"elementor-post__thumbnail\"><img loading=\"lazy\" decoding=\"async\" width=\"300\" height=\"185\" src=\"https:\/\/cofestival.si\/2022\/wp-content\/uploads\/sites\/17\/2022\/11\/image-11-300x185.jpg\" class=\"attachment-medium size-medium wp-image-4014\" alt=\"\" srcset=\"https:\/\/cofestival.si\/2022\/wp-content\/uploads\/sites\/17\/2022\/11\/image-11-300x185.jpg 300w, https:\/\/cofestival.si\/2022\/wp-content\/uploads\/sites\/17\/2022\/11\/image-11.jpg 611w\" sizes=\"(max-width: 300px) 100vw, 300px\" \/><\/div>\n\t\t<\/a>\n\t\t\t\t<div class=\"elementor-post__text\">\n\t\t\t\t<h2 class=\"elementor-post__title\">\n\t\t\t<a href=\"https:\/\/cofestival.si\/2022\/en\/mala-kline-venera-med-ujetostjo-in-letenjem-2022\/\" >\n\t\t\t\tMala Kline: Venus: Between Captivity and Flight (2022)\u00a0\t\t\t<\/a>\n\t\t<\/h2>\n\t\t\t\t<div class=\"elementor-post__excerpt\">\n\t\t\t<p>The multimedia performance Venus: Between Captivity and Flight acts as a synthesis of the artist\u2019s dance work of the last few years. Botticelli\u2019s painting The<\/p>\n\t\t<\/div>\n\t\t\n\t\t<a class=\"elementor-post__read-more\" href=\"https:\/\/cofestival.si\/2022\/en\/mala-kline-venera-med-ujetostjo-in-letenjem-2022\/\" >\n\t\t\t...\t\t<\/a>\n\n\t\t\t\t<\/div>\n\t\t\t\t<\/article>\n\t\t\t\t<article class=\"elementor-post elementor-grid-item post-3859 post type-post status-publish format-standard has-post-thumbnail hentry category-cofestival\">\n\t\t\t\t<a class=\"elementor-post__thumbnail__link\" href=\"https:\/\/cofestival.si\/2022\/en\/alma-soderberg-s-cullberg-noche-2022\/\" >\n\t\t\t<div class=\"elementor-post__thumbnail\"><img loading=\"lazy\" decoding=\"async\" width=\"300\" height=\"199\" src=\"https:\/\/cofestival.si\/2022\/wp-content\/uploads\/sites\/17\/2022\/11\/image-6-300x199.jpg\" class=\"attachment-medium size-medium wp-image-3860\" alt=\"\" srcset=\"https:\/\/cofestival.si\/2022\/wp-content\/uploads\/sites\/17\/2022\/11\/image-6-300x199.jpg 300w, https:\/\/cofestival.si\/2022\/wp-content\/uploads\/sites\/17\/2022\/11\/image-6-1024x680.jpg 1024w, https:\/\/cofestival.si\/2022\/wp-content\/uploads\/sites\/17\/2022\/11\/image-6-768x510.jpg 768w, https:\/\/cofestival.si\/2022\/wp-content\/uploads\/sites\/17\/2022\/11\/image-6.jpg 1191w\" sizes=\"(max-width: 300px) 100vw, 300px\" \/><\/div>\n\t\t<\/a>\n\t\t\t\t<div class=\"elementor-post__text\">\n\t\t\t\t<h2 class=\"elementor-post__title\">\n\t\t\t<a href=\"https:\/\/cofestival.si\/2022\/en\/alma-soderberg-s-cullberg-noche-2022\/\" >\n\t\t\t\tAlma S\u00f6derberg with Cullberg: Noche (2022)\u00a0\t\t\t<\/a>\n\t\t<\/h2>\n\t\t\t\t<div class=\"elementor-post__excerpt\">\n\t\t\t<p>Since her artistic beginnings, Alma S\u00f6derberg has been hosted by the NagiB, Mladi levi and Plesna Vesna festivals, and is one of the most prominent<\/p>\n\t\t<\/div>\n\t\t\n\t\t<a class=\"elementor-post__read-more\" href=\"https:\/\/cofestival.si\/2022\/en\/alma-soderberg-s-cullberg-noche-2022\/\" >\n\t\t\t...\t\t<\/a>\n\n\t\t\t\t<\/div>\n\t\t\t\t<\/article>\n\t\t\t\t<article class=\"elementor-post elementor-grid-item post-4017 post type-post status-publish format-standard has-post-thumbnail hentry category-cofestival\">\n\t\t\t\t<a class=\"elementor-post__thumbnail__link\" href=\"https:\/\/cofestival.si\/2022\/en\/beno-novak-elvis-homan-in-bostjan-simon-vstajenje-2-0-2021\/\" >\n\t\t\t<div class=\"elementor-post__thumbnail\"><img loading=\"lazy\" decoding=\"async\" width=\"300\" height=\"200\" src=\"https:\/\/cofestival.si\/2022\/wp-content\/uploads\/sites\/17\/2022\/11\/image-12-300x200.jpg\" class=\"attachment-medium size-medium wp-image-4019\" alt=\"\" srcset=\"https:\/\/cofestival.si\/2022\/wp-content\/uploads\/sites\/17\/2022\/11\/image-12-300x200.jpg 300w, https:\/\/cofestival.si\/2022\/wp-content\/uploads\/sites\/17\/2022\/11\/image-12-768x511.jpg 768w, https:\/\/cofestival.si\/2022\/wp-content\/uploads\/sites\/17\/2022\/11\/image-12.jpg 995w\" sizes=\"(max-width: 300px) 100vw, 300px\" \/><\/div>\n\t\t<\/a>\n\t\t\t\t<div class=\"elementor-post__text\">\n\t\t\t\t<h2 class=\"elementor-post__title\">\n\t\t\t<a href=\"https:\/\/cofestival.si\/2022\/en\/beno-novak-elvis-homan-in-bostjan-simon-vstajenje-2-0-2021\/\" >\n\t\t\t\tBeno Novak, Elvis Homan and Bo\u0161tjan Simon: Resurrection 2.0 (2021)\t\t\t<\/a>\n\t\t<\/h2>\n\t\t\t\t<div class=\"elementor-post__excerpt\">\n\t\t\t<p>Beno Novak, a representative of the younger generation of dance artists, stands out for his exceptional physicality and specific corporeality, which address both the audience\u2019s<\/p>\n\t\t<\/div>\n\t\t\n\t\t<a class=\"elementor-post__read-more\" href=\"https:\/\/cofestival.si\/2022\/en\/beno-novak-elvis-homan-in-bostjan-simon-vstajenje-2-0-2021\/\" >\n\t\t\t...\t\t<\/a>\n\n\t\t\t\t<\/div>\n\t\t\t\t<\/article>\n\t\t\t\t<\/div>\n\n\n\t\t\n\t\t\t\t\t\t<\/div>\n\t\t\t\t<\/div>\n\t\t\t\t\t<\/div>\n\t\t<\/div>\n\t\t\t\t\t<\/div>\n\t\t<\/section>\n\t\t\t\t<\/div>\n\t\t","protected":false},"excerpt":{"rendered":"","protected":false},"author":1,"featured_media":0,"parent":0,"menu_order":0,"comment_status":"closed","ping_status":"closed","template":"page-templates\/metiro-elementor.php","meta":{"footnotes":""},"class_list":["post-647","page","type-page","status-publish","format-standard","hentry"],"_links":{"self":[{"href":"https:\/\/cofestival.si\/2022\/en\/wp-json\/wp\/v2\/pages\/647","targetHints":{"allow":["GET"]}}],"collection":[{"href":"https:\/\/cofestival.si\/2022\/en\/wp-json\/wp\/v2\/pages"}],"about":[{"href":"https:\/\/cofestival.si\/2022\/en\/wp-json\/wp\/v2\/types\/page"}],"author":[{"embeddable":true,"href":"https:\/\/cofestival.si\/2022\/en\/wp-json\/wp\/v2\/users\/1"}],"replies":[{"embeddable":true,"href":"https:\/\/cofestival.si\/2022\/en\/wp-json\/wp\/v2\/comments?post=647"}],"version-history":[{"count":274,"href":"https:\/\/cofestival.si\/2022\/en\/wp-json\/wp\/v2\/pages\/647\/revisions"}],"predecessor-version":[{"id":4096,"href":"https:\/\/cofestival.si\/2022\/en\/wp-json\/wp\/v2\/pages\/647\/revisions\/4096"}],"wp:attachment":[{"href":"https:\/\/cofestival.si\/2022\/en\/wp-json\/wp\/v2\/media?parent=647"}],"curies":[{"name":"wp","href":"https:\/\/api.w.org\/{rel}","templated":true}]}}